{"id":4765,"date":"2025-12-09T09:00:03","date_gmt":"2025-12-09T12:00:03","guid":{"rendered":"https:\/\/contraluzarte.com\/?page_id=4765"},"modified":"2026-04-27T11:55:54","modified_gmt":"2026-04-27T14:55:54","slug":"curso-mirada-de-autor","status":"publish","type":"page","link":"https:\/\/contraluzarte.com\/esp\/curso-mirada-de-autor\/","title":{"rendered":"Mirada de Autor"},"content":{"rendered":"<div class=\"wp-block-cover alignfull\"><span aria-hidden=\"true\" class=\"wp-block-cover__background has-background-dim-80 has-background-dim\" style=\"background-color:#010735\"><\/span><div class=\"wp-block-cover__inner-container has-global-padding is-layout-constrained wp-block-cover-is-layout-constrained\">\n<h6 class=\"wp-block-heading has-text-align-center has-text-color has-link-color has-small-font-size wp-elements-44a0901bf49624566a578b4ee983a964\" style=\"color:#ffffffa8;font-style:normal;font-weight:700;text-transform:uppercase\">CURSO VIRTUAL EN ESPA\u00d1OL<\/h6>\n\n\n\n<div class=\"wp-block-columns is-layout-flex wp-container-core-columns-is-layout-28f84493 wp-block-columns-is-layout-flex\">\n<div class=\"wp-block-column is-layout-flow wp-block-column-is-layout-flow\">\n<h3 class=\"wp-block-heading has-text-align-center is-style-default has-xx-large-font-size\" style=\"font-style:normal;font-weight:700;text-transform:uppercase\"><strong>Mirada de Autor<\/strong><\/h3>\n<\/div>\n<\/div>\n\n\n\n<figure class=\"wp-block-image size-full\"><img loading=\"lazy\" decoding=\"async\" width=\"1500\" height=\"1500\" src=\"https:\/\/contraluzarte.com\/wp-content\/uploads\/2025\/12\/Mirada-de-autor_10_VPeretti-1.jpg\" alt=\"\" class=\"wp-image-4767\" srcset=\"https:\/\/contraluzarte.com\/wp-content\/uploads\/2025\/12\/Mirada-de-autor_10_VPeretti-1.jpg 1500w, https:\/\/contraluzarte.com\/wp-content\/uploads\/2025\/12\/Mirada-de-autor_10_VPeretti-1-300x300.jpg 300w, https:\/\/contraluzarte.com\/wp-content\/uploads\/2025\/12\/Mirada-de-autor_10_VPeretti-1-1024x1024.jpg 1024w, https:\/\/contraluzarte.com\/wp-content\/uploads\/2025\/12\/Mirada-de-autor_10_VPeretti-1-150x150.jpg 150w, https:\/\/contraluzarte.com\/wp-content\/uploads\/2025\/12\/Mirada-de-autor_10_VPeretti-1-768x768.jpg 768w, https:\/\/contraluzarte.com\/wp-content\/uploads\/2025\/12\/Mirada-de-autor_10_VPeretti-1-12x12.jpg 12w, https:\/\/contraluzarte.com\/wp-content\/uploads\/2025\/12\/Mirada-de-autor_10_VPeretti-1-600x600.jpg 600w, https:\/\/contraluzarte.com\/wp-content\/uploads\/2025\/12\/Mirada-de-autor_10_VPeretti-1-100x100.jpg 100w\" sizes=\"auto, (max-width: 1500px) 100vw, 1500px\" \/><\/figure>\n\n\n\n<div style=\"height:18px\" aria-hidden=\"true\" class=\"wp-block-spacer\"><\/div>\n\n\n\n<div class=\"wp-block-group alignfull is-style-default has-background has-global-padding is-layout-constrained wp-container-core-group-is-layout-32a46761 wp-block-group-is-layout-constrained\" style=\"background-color:#ffffff26;margin-top:0;margin-bottom:0;padding-top:var(--wp--preset--spacing--40);padding-right:var(--wp--preset--spacing--50);padding-bottom:var(--wp--preset--spacing--40);padding-left:var(--wp--preset--spacing--50)\">\n<h6 class=\"wp-block-heading alignwide has-text-align-center has-base-color has-text-color has-link-color has-xx-large-font-size wp-elements-9650b1d5103a03bb46dfda62d4657fa6\" id=\"beneficios\" style=\"padding-right:var(--wp--preset--spacing--30);padding-left:var(--wp--preset--spacing--30);text-transform:none\">Desarrolla un ensayo fotogr\u00e1fico autoral, expresivo e impactante<\/h6>\n<\/div>\n\n\n\n<div style=\"height:18px\" aria-hidden=\"true\" class=\"wp-block-spacer\"><\/div>\n\n\n\n<div class=\"wp-block-buttons is-content-justification-center is-layout-flex wp-container-core-buttons-is-layout-a89b3969 wp-block-buttons-is-layout-flex\">\n<div class=\"wp-block-button is-style-outline is-style-outline--1\" id=\"<a-href=&quot;-compra&quot;-class=&quot;botao-scroll&quot;&gt;Quero-comprar<\/a&gt;\"><a class=\"wp-block-button__link has-base-color has-accent-6-background-color has-text-color has-background has-link-color has-custom-font-size wp-element-button\" href=\"#compra\" style=\"font-size:clamp(14.642px, 0.915rem + ((1vw - 3.2px) * 0.721), 22px);font-style:normal;font-weight:400\">\u00a1Quiero participar!<\/a><\/div>\n<\/div>\n\n\n\n<div style=\"height:18px\" aria-hidden=\"true\" class=\"wp-block-spacer\"><\/div>\n<\/div><\/div>\n\n\n\n<figure class=\"wp-block-image alignwide size-full\" style=\"margin-top:var(--wp--preset--spacing--30);margin-bottom:var(--wp--preset--spacing--30)\"><img loading=\"lazy\" decoding=\"async\" width=\"1500\" height=\"1500\" src=\"https:\/\/contraluzarte.com\/wp-content\/uploads\/2025\/12\/Mirada-de-autor_03_VPeretti.jpg\" alt=\"\" class=\"wp-image-4768\" srcset=\"https:\/\/contraluzarte.com\/wp-content\/uploads\/2025\/12\/Mirada-de-autor_03_VPeretti.jpg 1500w, https:\/\/contraluzarte.com\/wp-content\/uploads\/2025\/12\/Mirada-de-autor_03_VPeretti-300x300.jpg 300w, https:\/\/contraluzarte.com\/wp-content\/uploads\/2025\/12\/Mirada-de-autor_03_VPeretti-1024x1024.jpg 1024w, https:\/\/contraluzarte.com\/wp-content\/uploads\/2025\/12\/Mirada-de-autor_03_VPeretti-150x150.jpg 150w, https:\/\/contraluzarte.com\/wp-content\/uploads\/2025\/12\/Mirada-de-autor_03_VPeretti-768x768.jpg 768w, https:\/\/contraluzarte.com\/wp-content\/uploads\/2025\/12\/Mirada-de-autor_03_VPeretti-12x12.jpg 12w, https:\/\/contraluzarte.com\/wp-content\/uploads\/2025\/12\/Mirada-de-autor_03_VPeretti-600x600.jpg 600w, https:\/\/contraluzarte.com\/wp-content\/uploads\/2025\/12\/Mirada-de-autor_03_VPeretti-100x100.jpg 100w\" sizes=\"auto, (max-width: 1500px) 100vw, 1500px\" \/><\/figure>\n\n\n\n<div class=\"wp-block-group alignfull is-style-default has-base-color has-text-color has-background has-link-color wp-elements-ed16beeb02dcb47accbe441490b46943 has-global-padding is-content-justification-center is-layout-constrained wp-container-core-group-is-layout-39e8dd3d wp-block-group-is-layout-constrained\" style=\"background-color:#010736bf;margin-top:0;margin-bottom:0;padding-top:45px;padding-right:var(--wp--style--root--padding-right, var(--wp--custom--gap--horizontal));padding-bottom:31px;padding-left:var(--wp--style--root--padding-left, var(--wp--custom--gap--horizontal))\">\n<h2 class=\"wp-block-heading has-text-align-center has-ast-global-color-2-color has-text-color has-xx-large-font-size\" style=\"text-decoration:underline\"><strong>PROFESORA<\/strong><\/h2>\n\n\n\n<div class=\"wp-block-group alignwide has-global-padding is-layout-constrained wp-container-core-group-is-layout-e68963ae wp-block-group-is-layout-constrained\">\n<div class=\"wp-block-columns alignfull is-layout-flex wp-container-core-columns-is-layout-28f84493 wp-block-columns-is-layout-flex\">\n<div class=\"wp-block-column is-layout-flow wp-block-column-is-layout-flow\">\n<figure class=\"wp-block-image aligncenter size-full is-resized\"><a href=\"https:\/\/contraluzarte.com\/wp-content\/uploads\/2026\/02\/Viviana-Peretti_01.jpg\"><img loading=\"lazy\" decoding=\"async\" width=\"485\" height=\"690\" src=\"https:\/\/contraluzarte.com\/wp-content\/uploads\/2026\/02\/Viviana-Peretti_01.jpg\" alt=\"\" class=\"wp-image-5002\" style=\"width:207px;height:auto\" srcset=\"https:\/\/contraluzarte.com\/wp-content\/uploads\/2026\/02\/Viviana-Peretti_01.jpg 485w, https:\/\/contraluzarte.com\/wp-content\/uploads\/2026\/02\/Viviana-Peretti_01-211x300.jpg 211w, https:\/\/contraluzarte.com\/wp-content\/uploads\/2026\/02\/Viviana-Peretti_01-8x12.jpg 8w, https:\/\/contraluzarte.com\/wp-content\/uploads\/2026\/02\/Viviana-Peretti_01-300x427.jpg 300w\" sizes=\"auto, (max-width: 485px) 100vw, 485px\" \/><\/a><\/figure>\n<\/div>\n\n\n\n<div class=\"wp-block-column is-vertically-aligned-center is-layout-flow wp-block-column-is-layout-flow\">\n<h2 class=\"wp-block-heading has-text-align-left has-ast-global-color-2-color has-text-color\"><strong>Viviana Peretti<\/strong><\/h2>\n\n\n\n<p class=\"is-style-default has-large-font-size\" style=\"font-style:normal;font-weight:100;line-height:1.2\"><strong>Viviana Peretti<\/strong> es una fot\u00f3grafa italiana que ha realizado reportajes de largo alcance sobre comunidades\nmarginadas y violaciones de los derechos humanos. En 2000, tras graduarse en Literatura en la Universidad de Roma, viaj\u00f3 a Colombia, donde se especializ\u00f3 en Periodismo y trabaj\u00f3 durante a\u00f1os como freelance. En 2010, <strong>Peretti <\/strong>se gradu\u00f3 en <strong>Documentary Photography and Photojournalism <\/strong>en el<strong>International Center of Photography<\/strong> (ICP) de Nueva York, donde vivi\u00f3 seis a\u00f1os, trabajando en proyectos personales sobre comunidades religiosas y di\u00e1spora, y produciendo trabajos para <em><strong>The New York Times<\/strong><\/em>.<br><br>En 2013, Peretti fue artista en residencia en la <strong>\u00c9cole Nationale Sup\u00e9rieure de la Photographie<\/strong> (ENSP) de Arles (Francia). En 2014, fue elegida Fot\u00f3grafa del A\u00f1o en la categor\u00eda Arte y Cultura de los <strong>Sony World Photography Awards<\/strong> , y gan\u00f3 el <em><strong>American Photography 30<\/strong><\/em>. En 2015, fue artista en residencia en la <strong>Camargo Foundation<\/strong>. En 2017, Peretti fue artista en residencia en el <strong>Bogliasco Center<\/strong>en Italia.<br><br>En 2022, Peretti recibi\u00f3 una menci\u00f3n de honor del <strong>World Press Photo<\/strong> por el proyecto <em>Limbo<\/em>sobre la desaparici\u00f3n forzada en Colombia. En 2024, el proyecto fue finalista del <em><strong>The Aftermath Project<\/strong><\/em>en Estados Unidos, y gan\u00f3 el <em><strong>Women Photograph Grant<\/strong><\/em> e o <em><strong>Italian Council 13 Project<\/strong><\/em>.<br><br>La obra de <strong>Peretti <\/strong>ha sido expuesta en la <em><strong>National Portrait Gallery<\/strong><\/em> de Londres, na <em><strong>Rita K. Hillman Gallery<\/strong><\/em> de Nueva York, en el <em><strong>Museu MACRO<\/strong><\/em> de Roma, en el <em><strong>Museo Archivo de la Fotograf\u00eda<\/strong><\/em> de la Ciudad de M\u00e9xico, y en el <strong><em>Centro de Memoria, Paz y Reconciliaci\u00f3n<\/em> <\/strong>(CMPR) de Bogot\u00e1, entre otros. Las fotograf\u00edas de Peretti han sido publicadas en medios\ninternacionales como <em>T<\/em><strong><em>he New York Times<\/em>, <em>Newsweek<\/em>, <em>BBC<\/em>, <em>CNN<\/em>, <em>Vice<\/em><\/strong> y <em><strong>Granta<\/strong><\/em>.<\/p>\n<\/div>\n<\/div>\n<\/div>\n<\/div>\n\n\n\n<figure class=\"wp-block-image alignwide size-full\" style=\"margin-top:var(--wp--preset--spacing--30);margin-bottom:var(--wp--preset--spacing--30)\"><img loading=\"lazy\" decoding=\"async\" width=\"1500\" height=\"1500\" src=\"https:\/\/contraluzarte.com\/wp-content\/uploads\/2025\/12\/Mirada-de-autor_02_VPeretti.jpg\" alt=\"\" class=\"wp-image-4772\" srcset=\"https:\/\/contraluzarte.com\/wp-content\/uploads\/2025\/12\/Mirada-de-autor_02_VPeretti.jpg 1500w, https:\/\/contraluzarte.com\/wp-content\/uploads\/2025\/12\/Mirada-de-autor_02_VPeretti-300x300.jpg 300w, https:\/\/contraluzarte.com\/wp-content\/uploads\/2025\/12\/Mirada-de-autor_02_VPeretti-1024x1024.jpg 1024w, https:\/\/contraluzarte.com\/wp-content\/uploads\/2025\/12\/Mirada-de-autor_02_VPeretti-150x150.jpg 150w, https:\/\/contraluzarte.com\/wp-content\/uploads\/2025\/12\/Mirada-de-autor_02_VPeretti-768x768.jpg 768w, https:\/\/contraluzarte.com\/wp-content\/uploads\/2025\/12\/Mirada-de-autor_02_VPeretti-12x12.jpg 12w, https:\/\/contraluzarte.com\/wp-content\/uploads\/2025\/12\/Mirada-de-autor_02_VPeretti-600x600.jpg 600w, https:\/\/contraluzarte.com\/wp-content\/uploads\/2025\/12\/Mirada-de-autor_02_VPeretti-100x100.jpg 100w\" sizes=\"auto, (max-width: 1500px) 100vw, 1500px\" \/><\/figure>\n\n\n\n<div class=\"wp-block-group alignfull has-background has-global-padding is-layout-constrained wp-block-group-is-layout-constrained\" style=\"background-color:#181f42cf;margin-top:0;margin-bottom:0;padding-top:var(--wp--preset--spacing--50);padding-bottom:var(--wp--preset--spacing--50)\">\n<h6 class=\"wp-block-heading alignwide has-text-align-center has-base-color has-text-color has-link-color has-xx-large-font-size wp-elements-e2462ec4b3400d670d0ea474b1a92767\" id=\"beneficios\" style=\"padding-right:var(--wp--preset--spacing--30);padding-left:var(--wp--preset--spacing--30);text-decoration:underline\">DESCRIPCI\u00d3N DEL CURSO<\/h6>\n\n\n\n<div style=\"height:8px\" aria-hidden=\"true\" class=\"wp-block-spacer\"><\/div>\n\n\n\n<div class=\"wp-block-columns alignwide is-layout-flex wp-container-core-columns-is-layout-28f84493 wp-block-columns-is-layout-flex\">\n<div class=\"wp-block-column is-layout-flow wp-block-column-is-layout-flow\">\n<h1 class=\"wp-block-heading has-base-color has-text-color has-link-color has-large-font-size wp-elements-05dc26ac9b1d7d3d2f2884638e9b95fc\" style=\"font-style:normal;font-weight:500;line-height:1.4\"><strong>El taller se propone potenciar la mirada de cada participante y su habilidad de utilizar el medio fotogr\u00e1fico para perderse y hacer que algo desconocido aparezca durante el proceso creativo. <\/strong><\/h1>\n\n\n\n<p class=\"has-base-color has-text-color has-link-color wp-elements-8d119a4c021f4bd24882fd05cb00093a\">Semanalmente analizaremos el trabajo de foto\u0301grafos contempora\u0301neos que han desafiado las lo\u0301gicas de la fotograf\u00eda tradicional, introduciendo otras maneras de ver y contar la realidad. A trav\u00e9s del an\u00e1lisis de fotograf\u00edas y pel\u00edculas, los participantes ser\u00e1n estimulados a reflexionar sobre su mirada para as\u00ed tener m\u00e1s claridad y fortaleza a la hora de emprender nuevos proyectos fotogr\u00e1ficos. Cada participante trabajar\u00e1 en una nueva serie o una serie empezada anteriormente y no terminada. Durante todo el taller, tambie\u0301n analizaremos y reflexionaremos sobre nuevas narrativas que incorporen audio e ima\u0301genes en movimiento para ampliar el alcance y efectividad de los relatos visuales. <strong>El taller desafiara\u0301 al participante a perderse, romper li\u0301mites y aprender a ver de forma distinta, con y sin ca\u0301mara.<\/strong><\/p>\n\n\n\n<div style=\"height:27px\" aria-hidden=\"true\" class=\"wp-block-spacer\"><\/div>\n<\/div>\n<\/div>\n\n\n\n<div class=\"wp-block-buttons alignwide is-content-justification-center is-layout-flex wp-container-core-buttons-is-layout-a89b3969 wp-block-buttons-is-layout-flex\">\n<div class=\"wp-block-button is-style-fill\"><a class=\"wp-block-button__link has-base-background-color has-text-color has-background has-link-color has-large-font-size has-custom-font-size wp-element-button\" href=\"#compra\" style=\"color:#181f42cf;font-style:normal;font-weight:400\"><strong>Participar del encuentro<\/strong><\/a><\/div>\n<\/div>\n<\/div>\n\n\n\n<figure class=\"wp-block-image alignwide size-full\" style=\"margin-top:var(--wp--preset--spacing--30);margin-bottom:var(--wp--preset--spacing--30)\"><img loading=\"lazy\" decoding=\"async\" width=\"1500\" height=\"1500\" src=\"https:\/\/contraluzarte.com\/wp-content\/uploads\/2025\/12\/Mirada-de-autor_11_VPeretti.jpg\" alt=\"\" class=\"wp-image-4777\" srcset=\"https:\/\/contraluzarte.com\/wp-content\/uploads\/2025\/12\/Mirada-de-autor_11_VPeretti.jpg 1500w, https:\/\/contraluzarte.com\/wp-content\/uploads\/2025\/12\/Mirada-de-autor_11_VPeretti-300x300.jpg 300w, https:\/\/contraluzarte.com\/wp-content\/uploads\/2025\/12\/Mirada-de-autor_11_VPeretti-1024x1024.jpg 1024w, https:\/\/contraluzarte.com\/wp-content\/uploads\/2025\/12\/Mirada-de-autor_11_VPeretti-150x150.jpg 150w, https:\/\/contraluzarte.com\/wp-content\/uploads\/2025\/12\/Mirada-de-autor_11_VPeretti-768x768.jpg 768w, https:\/\/contraluzarte.com\/wp-content\/uploads\/2025\/12\/Mirada-de-autor_11_VPeretti-12x12.jpg 12w, https:\/\/contraluzarte.com\/wp-content\/uploads\/2025\/12\/Mirada-de-autor_11_VPeretti-600x600.jpg 600w, https:\/\/contraluzarte.com\/wp-content\/uploads\/2025\/12\/Mirada-de-autor_11_VPeretti-100x100.jpg 100w\" sizes=\"auto, (max-width: 1500px) 100vw, 1500px\" \/><\/figure>\n\n\n\n<div class=\"wp-block-group alignfull has-background has-global-padding is-layout-constrained wp-block-group-is-layout-constrained\" style=\"background-color:#181f42cf;margin-top:0;margin-bottom:0;padding-top:var(--wp--preset--spacing--50);padding-bottom:var(--wp--preset--spacing--50)\">\n<h6 class=\"wp-block-heading alignwide has-text-align-center has-base-color has-text-color has-link-color has-xx-large-font-size wp-elements-c2fae16b45639a522f9bc7c4efc78ab4\" id=\"beneficios\" style=\"padding-right:var(--wp--preset--spacing--30);padding-left:var(--wp--preset--spacing--30);text-decoration:underline\">METODOLOG\u00cdA<\/h6>\n\n\n\n<div style=\"height:8px\" aria-hidden=\"true\" class=\"wp-block-spacer\"><\/div>\n\n\n\n<div class=\"wp-block-columns alignwide is-layout-flex wp-container-core-columns-is-layout-28f84493 wp-block-columns-is-layout-flex\">\n<div class=\"wp-block-column is-layout-flow wp-block-column-is-layout-flow\">\n<h1 class=\"wp-block-heading has-base-color has-text-color has-link-color has-large-font-size wp-elements-c397850e4937407d2f824e9f71af3a16\" style=\"font-style:normal;font-weight:300;line-height:1.4\">Las clases se llevara\u0301n a cabo con exposiciones orales de Viviana acompan\u0303adas por la proyeccio\u0301n de ima\u0301genes y reportajes fotogra\u0301ficos realizados en diferentes pai\u0301ses. Habra\u0301 tareas semanales que los participantes llevara\u0301n a cabo individualmente con el fin de aplicar las nociones explicadas en clase por Viviana y desarrollar un lenguaje fotogra\u0301fico personal. Todas las tareas hechas por los participantes sera\u0301n analizadas en clase con el fin de revisar lo aprendido y aclarar eventuales dudas. <\/h1>\n\n\n\n<p class=\"has-base-color has-text-color has-link-color wp-elements-b458470c018ecb81ab042d8646563859\" style=\"font-style:normal;font-weight:400\"><strong>Al terminar el taller, el participante entregar\u00e1 un trabajo final en la forma de una serie fotogra\u0301fica que resulte innovadora, visualmente estimulante y para nada literal.<\/strong><\/p>\n\n\n\n<div style=\"height:27px\" aria-hidden=\"true\" class=\"wp-block-spacer\"><\/div>\n<\/div>\n<\/div>\n\n\n\n<div class=\"wp-block-buttons alignwide is-content-justification-center is-layout-flex wp-container-core-buttons-is-layout-a89b3969 wp-block-buttons-is-layout-flex\">\n<div class=\"wp-block-button is-style-fill\"><a class=\"wp-block-button__link has-base-background-color has-text-color has-background has-link-color has-large-font-size has-custom-font-size wp-element-button\" href=\"#compra\" style=\"color:#181f42cf;font-style:normal;font-weight:400\"><strong>Participar del encuentro<\/strong><\/a><\/div>\n<\/div>\n<\/div>\n\n\n\n<div style=\"height:100px\" aria-hidden=\"true\" class=\"wp-block-spacer\"><\/div>\n\n\n\n<h2 class=\"wp-block-heading has-text-align-center has-xx-large-font-size\"><strong>Contenido<\/strong><\/h2>\n\n\n\n<div class=\"wp-block-columns alignwide is-layout-flex wp-container-core-columns-is-layout-28f84493 wp-block-columns-is-layout-flex\">\n<div class=\"wp-block-column is-layout-flow wp-block-column-is-layout-flow\">\n<div class=\"wp-block-cover is-light\"><img loading=\"lazy\" decoding=\"async\" width=\"2000\" height=\"2000\" class=\"wp-block-cover__image-background wp-image-2860 size-full\" alt=\"\" src=\"https:\/\/contraluzarte.com\/wp-content\/uploads\/2025\/07\/VPeretti_13.jpg\" data-object-fit=\"cover\" srcset=\"https:\/\/contraluzarte.com\/wp-content\/uploads\/2025\/07\/VPeretti_13.jpg 2000w, https:\/\/contraluzarte.com\/wp-content\/uploads\/2025\/07\/VPeretti_13-300x300.jpg 300w, https:\/\/contraluzarte.com\/wp-content\/uploads\/2025\/07\/VPeretti_13-1024x1024.jpg 1024w, https:\/\/contraluzarte.com\/wp-content\/uploads\/2025\/07\/VPeretti_13-150x150.jpg 150w, https:\/\/contraluzarte.com\/wp-content\/uploads\/2025\/07\/VPeretti_13-768x768.jpg 768w, https:\/\/contraluzarte.com\/wp-content\/uploads\/2025\/07\/VPeretti_13-1536x1536.jpg 1536w, https:\/\/contraluzarte.com\/wp-content\/uploads\/2025\/07\/VPeretti_13-12x12.jpg 12w, https:\/\/contraluzarte.com\/wp-content\/uploads\/2025\/07\/VPeretti_13-600x600.jpg 600w, https:\/\/contraluzarte.com\/wp-content\/uploads\/2025\/07\/VPeretti_13-100x100.jpg 100w\" sizes=\"auto, (max-width: 2000px) 100vw, 2000px\" \/><span aria-hidden=\"true\" class=\"wp-block-cover__background has-background-dim-70 has-background-dim\" style=\"background-color:#d1d1d1\"><\/span><div class=\"wp-block-cover__inner-container has-global-padding is-layout-constrained wp-block-cover-is-layout-constrained\">\n<h6 class=\"wp-block-heading has-text-align-center has-large-font-size\">R\u00c1PIDA <strong><strong>PROFUNDIZACI\u00d3N DE LA T\u00c9CNICA FOTOGR\u00c1FICA<\/strong>:<\/strong><\/h6>\n\n\n\n<p class=\"has-text-align-center\"> objetivos, exposici\u00f3n y profundidad de campo, <br>luz natural\/artificial, temperatura del color, composici\u00f3n, archivos digitales<\/p>\n<\/div><\/div>\n\n\n\n<div style=\"height:45px\" aria-hidden=\"true\" class=\"wp-block-spacer\"><\/div>\n<\/div>\n\n\n\n<div class=\"wp-block-column is-layout-flow wp-block-column-is-layout-flow\">\n<div class=\"wp-block-cover\"><img loading=\"lazy\" decoding=\"async\" width=\"1024\" height=\"1024\" class=\"wp-block-cover__image-background wp-image-2861 size-large\" alt=\"\" src=\"https:\/\/contraluzarte.com\/wp-content\/uploads\/2025\/07\/VPeretti_04-1024x1024.jpg\" data-object-fit=\"cover\" srcset=\"https:\/\/contraluzarte.com\/wp-content\/uploads\/2025\/07\/VPeretti_04-1024x1024.jpg 1024w, https:\/\/contraluzarte.com\/wp-content\/uploads\/2025\/07\/VPeretti_04-300x300.jpg 300w, https:\/\/contraluzarte.com\/wp-content\/uploads\/2025\/07\/VPeretti_04-150x150.jpg 150w, https:\/\/contraluzarte.com\/wp-content\/uploads\/2025\/07\/VPeretti_04-768x768.jpg 768w, https:\/\/contraluzarte.com\/wp-content\/uploads\/2025\/07\/VPeretti_04-1536x1536.jpg 1536w, https:\/\/contraluzarte.com\/wp-content\/uploads\/2025\/07\/VPeretti_04-12x12.jpg 12w, https:\/\/contraluzarte.com\/wp-content\/uploads\/2025\/07\/VPeretti_04-600x600.jpg 600w, https:\/\/contraluzarte.com\/wp-content\/uploads\/2025\/07\/VPeretti_04-100x100.jpg 100w, https:\/\/contraluzarte.com\/wp-content\/uploads\/2025\/07\/VPeretti_04.jpg 2000w\" sizes=\"auto, (max-width: 1024px) 100vw, 1024px\" \/><span aria-hidden=\"true\" class=\"wp-block-cover__background has-contrast-background-color has-background-dim-40 has-background-dim\"><\/span><div class=\"wp-block-cover__inner-container has-global-padding is-layout-constrained wp-block-cover-is-layout-constrained\">\n<h6 class=\"wp-block-heading has-text-align-center has-large-font-size\"><strong>Introducci\u00f3n al programa de archivaci\u00f3n y edici\u00f3n fotogr\u00e1fica ADOBE LIGHTROOM<\/strong><\/h6>\n<\/div><\/div>\n<\/div>\n<\/div>\n\n\n\n<div class=\"wp-block-columns alignwide is-layout-flex wp-container-core-columns-is-layout-28f84493 wp-block-columns-is-layout-flex\">\n<div class=\"wp-block-column is-layout-flow wp-block-column-is-layout-flow\">\n<div class=\"wp-block-cover is-light\"><img loading=\"lazy\" decoding=\"async\" width=\"2000\" height=\"2000\" class=\"wp-block-cover__image-background wp-image-2863 size-full\" alt=\"\" src=\"https:\/\/contraluzarte.com\/wp-content\/uploads\/2025\/07\/VPeretti_03-1.jpg\" style=\"object-position:49% 80%\" data-object-fit=\"cover\" data-object-position=\"49% 80%\" srcset=\"https:\/\/contraluzarte.com\/wp-content\/uploads\/2025\/07\/VPeretti_03-1.jpg 2000w, https:\/\/contraluzarte.com\/wp-content\/uploads\/2025\/07\/VPeretti_03-1-300x300.jpg 300w, https:\/\/contraluzarte.com\/wp-content\/uploads\/2025\/07\/VPeretti_03-1-1024x1024.jpg 1024w, https:\/\/contraluzarte.com\/wp-content\/uploads\/2025\/07\/VPeretti_03-1-150x150.jpg 150w, https:\/\/contraluzarte.com\/wp-content\/uploads\/2025\/07\/VPeretti_03-1-768x768.jpg 768w, https:\/\/contraluzarte.com\/wp-content\/uploads\/2025\/07\/VPeretti_03-1-1536x1536.jpg 1536w, https:\/\/contraluzarte.com\/wp-content\/uploads\/2025\/07\/VPeretti_03-1-12x12.jpg 12w, https:\/\/contraluzarte.com\/wp-content\/uploads\/2025\/07\/VPeretti_03-1-600x600.jpg 600w, https:\/\/contraluzarte.com\/wp-content\/uploads\/2025\/07\/VPeretti_03-1-100x100.jpg 100w\" sizes=\"auto, (max-width: 2000px) 100vw, 2000px\" \/><span aria-hidden=\"true\" class=\"wp-block-cover__background has-background-dim-60 has-background-dim\" style=\"background-color:#c9c9c9\"><\/span><div class=\"wp-block-cover__inner-container has-global-padding is-layout-constrained wp-block-cover-is-layout-constrained\">\n<h6 class=\"wp-block-heading has-text-align-center has-large-font-size\"><strong><strong>La GRAN IDEA<\/strong><\/strong><\/h6>\n\n\n\n<p class=\"has-text-align-center\">\u00bfc\u00f3mo encontrar un proyecto fotogr\u00e1fico que sea interesante y visualmente estimulante?<\/p>\n<\/div><\/div>\n\n\n\n<div style=\"height:45px\" aria-hidden=\"true\" class=\"wp-block-spacer\"><\/div>\n<\/div>\n\n\n\n<div class=\"wp-block-column is-layout-flow wp-block-column-is-layout-flow\">\n<div class=\"wp-block-cover\"><img loading=\"lazy\" decoding=\"async\" width=\"1024\" height=\"1024\" class=\"wp-block-cover__image-background wp-image-2864 size-large\" alt=\"\" src=\"https:\/\/contraluzarte.com\/wp-content\/uploads\/2025\/07\/VPeretti_16-1024x1024.jpg\" data-object-fit=\"cover\" srcset=\"https:\/\/contraluzarte.com\/wp-content\/uploads\/2025\/07\/VPeretti_16-1024x1024.jpg 1024w, https:\/\/contraluzarte.com\/wp-content\/uploads\/2025\/07\/VPeretti_16-300x300.jpg 300w, https:\/\/contraluzarte.com\/wp-content\/uploads\/2025\/07\/VPeretti_16-150x150.jpg 150w, https:\/\/contraluzarte.com\/wp-content\/uploads\/2025\/07\/VPeretti_16-768x768.jpg 768w, https:\/\/contraluzarte.com\/wp-content\/uploads\/2025\/07\/VPeretti_16-1536x1536.jpg 1536w, https:\/\/contraluzarte.com\/wp-content\/uploads\/2025\/07\/VPeretti_16-12x12.jpg 12w, https:\/\/contraluzarte.com\/wp-content\/uploads\/2025\/07\/VPeretti_16-600x600.jpg 600w, https:\/\/contraluzarte.com\/wp-content\/uploads\/2025\/07\/VPeretti_16-100x100.jpg 100w, https:\/\/contraluzarte.com\/wp-content\/uploads\/2025\/07\/VPeretti_16.jpg 2000w\" sizes=\"auto, (max-width: 1024px) 100vw, 1024px\" \/><span aria-hidden=\"true\" class=\"wp-block-cover__background has-contrast-background-color has-background-dim-40 has-background-dim\"><\/span><div class=\"wp-block-cover__inner-container has-global-padding is-layout-constrained wp-block-cover-is-layout-constrained\">\n<h6 class=\"wp-block-heading has-text-align-center has-large-font-size\"><strong><strong>CONCEPTUALIZACI\u00d3N, PLANIFICACI\u00d3N Y EJECUCI\u00d3N DE PROYECTOS FOTOGR\u00c1FICOS<\/strong>:<\/strong><\/h6>\n\n\n\n<p class=\"has-text-align-center\">\u00bfC\u00f3mo idear y poner en pr\u00e1ctica un nuevo proyecto fotogr\u00e1fico?<\/p>\n<\/div><\/div>\n<\/div>\n<\/div>\n\n\n\n<div class=\"wp-block-columns alignwide is-layout-flex wp-container-core-columns-is-layout-28f84493 wp-block-columns-is-layout-flex\">\n<div class=\"wp-block-column is-layout-flow wp-block-column-is-layout-flow\">\n<div class=\"wp-block-cover\"><img loading=\"lazy\" decoding=\"async\" width=\"2000\" height=\"2000\" class=\"wp-block-cover__image-background wp-image-2865 size-full\" alt=\"\" src=\"https:\/\/contraluzarte.com\/wp-content\/uploads\/2025\/07\/VPeretti_06.jpg\" data-object-fit=\"cover\" srcset=\"https:\/\/contraluzarte.com\/wp-content\/uploads\/2025\/07\/VPeretti_06.jpg 2000w, https:\/\/contraluzarte.com\/wp-content\/uploads\/2025\/07\/VPeretti_06-300x300.jpg 300w, https:\/\/contraluzarte.com\/wp-content\/uploads\/2025\/07\/VPeretti_06-1024x1024.jpg 1024w, https:\/\/contraluzarte.com\/wp-content\/uploads\/2025\/07\/VPeretti_06-150x150.jpg 150w, https:\/\/contraluzarte.com\/wp-content\/uploads\/2025\/07\/VPeretti_06-768x768.jpg 768w, https:\/\/contraluzarte.com\/wp-content\/uploads\/2025\/07\/VPeretti_06-1536x1536.jpg 1536w, https:\/\/contraluzarte.com\/wp-content\/uploads\/2025\/07\/VPeretti_06-12x12.jpg 12w, https:\/\/contraluzarte.com\/wp-content\/uploads\/2025\/07\/VPeretti_06-600x600.jpg 600w, https:\/\/contraluzarte.com\/wp-content\/uploads\/2025\/07\/VPeretti_06-100x100.jpg 100w\" sizes=\"auto, (max-width: 2000px) 100vw, 2000px\" \/><span aria-hidden=\"true\" class=\"wp-block-cover__background has-accent-4-background-color has-background-dim\"><\/span><div class=\"wp-block-cover__inner-container has-global-padding is-layout-constrained wp-block-cover-is-layout-constrained\">\n<h6 class=\"wp-block-heading has-text-align-center has-large-font-size\"><strong>C\u00f3mo CONTAR UNA HISTORIA<\/strong><\/h6>\n\n\n\n<p class=\"has-text-align-center\">a trav\u00e9s de im\u00e1genes est\u00e9ticamente reveladoras que superen lo literal que abunda en la prensa<\/p>\n<\/div><\/div>\n\n\n\n<div style=\"height:45px\" aria-hidden=\"true\" class=\"wp-block-spacer\"><\/div>\n<\/div>\n\n\n\n<div class=\"wp-block-column is-layout-flow wp-block-column-is-layout-flow\">\n<div class=\"wp-block-cover\"><img loading=\"lazy\" decoding=\"async\" width=\"2000\" height=\"2000\" class=\"wp-block-cover__image-background wp-image-2873 size-full\" alt=\"\" src=\"https:\/\/contraluzarte.com\/wp-content\/uploads\/2025\/07\/VPeretti_14.jpg\" style=\"object-position:56% 85%\" data-object-fit=\"cover\" data-object-position=\"56% 85%\" srcset=\"https:\/\/contraluzarte.com\/wp-content\/uploads\/2025\/07\/VPeretti_14.jpg 2000w, https:\/\/contraluzarte.com\/wp-content\/uploads\/2025\/07\/VPeretti_14-300x300.jpg 300w, https:\/\/contraluzarte.com\/wp-content\/uploads\/2025\/07\/VPeretti_14-1024x1024.jpg 1024w, https:\/\/contraluzarte.com\/wp-content\/uploads\/2025\/07\/VPeretti_14-150x150.jpg 150w, https:\/\/contraluzarte.com\/wp-content\/uploads\/2025\/07\/VPeretti_14-768x768.jpg 768w, https:\/\/contraluzarte.com\/wp-content\/uploads\/2025\/07\/VPeretti_14-1536x1536.jpg 1536w, https:\/\/contraluzarte.com\/wp-content\/uploads\/2025\/07\/VPeretti_14-12x12.jpg 12w, https:\/\/contraluzarte.com\/wp-content\/uploads\/2025\/07\/VPeretti_14-600x600.jpg 600w, https:\/\/contraluzarte.com\/wp-content\/uploads\/2025\/07\/VPeretti_14-100x100.jpg 100w\" sizes=\"auto, (max-width: 2000px) 100vw, 2000px\" \/><span aria-hidden=\"true\" class=\"wp-block-cover__background has-accent-4-background-color has-background-dim-40 has-background-dim\"><\/span><div class=\"wp-block-cover__inner-container has-global-padding is-layout-constrained wp-block-cover-is-layout-constrained\">\n<h6 class=\"wp-block-heading has-text-align-center has-large-font-size\"><strong>C\u00f3mo EDITAR UNA SERIE FOTOGR\u00c1FICA<\/strong><\/h6>\n\n\n\n<p class=\"has-text-align-center\">con el fin de crear una narrativa m\u00e1s s\u00f3lida.<br>C\u00f3mo organizar visualmente el contenido de un reportaje<\/p>\n<\/div><\/div>\n\n\n\n<div style=\"height:45px\" aria-hidden=\"true\" class=\"wp-block-spacer\"><\/div>\n<\/div>\n<\/div>\n\n\n\n<div class=\"wp-block-columns alignwide is-layout-flex wp-container-core-columns-is-layout-28f84493 wp-block-columns-is-layout-flex\">\n<div class=\"wp-block-column is-layout-flow wp-block-column-is-layout-flow\">\n<div class=\"wp-block-cover is-light\"><img loading=\"lazy\" decoding=\"async\" width=\"1500\" height=\"2000\" class=\"wp-block-cover__image-background wp-image-2868 size-full\" alt=\"\" src=\"https:\/\/contraluzarte.com\/wp-content\/uploads\/2025\/07\/VPeretti_12.jpg\" style=\"object-position:51% 57%\" data-object-fit=\"cover\" data-object-position=\"51% 57%\" srcset=\"https:\/\/contraluzarte.com\/wp-content\/uploads\/2025\/07\/VPeretti_12.jpg 1500w, https:\/\/contraluzarte.com\/wp-content\/uploads\/2025\/07\/VPeretti_12-225x300.jpg 225w, https:\/\/contraluzarte.com\/wp-content\/uploads\/2025\/07\/VPeretti_12-768x1024.jpg 768w, https:\/\/contraluzarte.com\/wp-content\/uploads\/2025\/07\/VPeretti_12-1152x1536.jpg 1152w, https:\/\/contraluzarte.com\/wp-content\/uploads\/2025\/07\/VPeretti_12-9x12.jpg 9w, https:\/\/contraluzarte.com\/wp-content\/uploads\/2025\/07\/VPeretti_12-300x400.jpg 300w, https:\/\/contraluzarte.com\/wp-content\/uploads\/2025\/07\/VPeretti_12-600x800.jpg 600w\" sizes=\"auto, (max-width: 1500px) 100vw, 1500px\" \/><span aria-hidden=\"true\" class=\"wp-block-cover__background has-base-background-color has-background-dim-0 has-background-dim\"><\/span><div class=\"wp-block-cover__inner-container has-global-padding is-layout-constrained wp-block-cover-is-layout-constrained\">\n<h6 class=\"wp-block-heading has-text-align-center has-large-font-size\"><strong>Los desaf\u00edos de las NUEVAS TECNOLOG\u00cdAS<\/strong><\/h6>\n\n\n\n<p class=\"has-text-align-center\">la inclusi\u00f3n de <strong>audio y im\u00e1genes en movimiento<\/strong> en proyectos multimedia<\/p>\n<\/div><\/div>\n\n\n\n<div style=\"height:45px\" aria-hidden=\"true\" class=\"wp-block-spacer\"><\/div>\n<\/div>\n\n\n\n<div class=\"wp-block-column is-layout-flow wp-block-column-is-layout-flow\">\n<div class=\"wp-block-cover\"><img loading=\"lazy\" decoding=\"async\" width=\"2000\" height=\"2000\" class=\"wp-block-cover__image-background wp-image-2869 size-full\" alt=\"\" src=\"https:\/\/contraluzarte.com\/wp-content\/uploads\/2025\/07\/VPeretti_05.jpg\" style=\"object-position:48% 81%\" data-object-fit=\"cover\" data-object-position=\"48% 81%\" srcset=\"https:\/\/contraluzarte.com\/wp-content\/uploads\/2025\/07\/VPeretti_05.jpg 2000w, https:\/\/contraluzarte.com\/wp-content\/uploads\/2025\/07\/VPeretti_05-300x300.jpg 300w, https:\/\/contraluzarte.com\/wp-content\/uploads\/2025\/07\/VPeretti_05-1024x1024.jpg 1024w, https:\/\/contraluzarte.com\/wp-content\/uploads\/2025\/07\/VPeretti_05-150x150.jpg 150w, https:\/\/contraluzarte.com\/wp-content\/uploads\/2025\/07\/VPeretti_05-768x768.jpg 768w, https:\/\/contraluzarte.com\/wp-content\/uploads\/2025\/07\/VPeretti_05-1536x1536.jpg 1536w, https:\/\/contraluzarte.com\/wp-content\/uploads\/2025\/07\/VPeretti_05-12x12.jpg 12w, https:\/\/contraluzarte.com\/wp-content\/uploads\/2025\/07\/VPeretti_05-600x600.jpg 600w, https:\/\/contraluzarte.com\/wp-content\/uploads\/2025\/07\/VPeretti_05-100x100.jpg 100w\" sizes=\"auto, (max-width: 2000px) 100vw, 2000px\" \/><span aria-hidden=\"true\" class=\"wp-block-cover__background has-accent-4-background-color has-background-dim-60 has-background-dim\"><\/span><div class=\"wp-block-cover__inner-container has-global-padding is-layout-constrained wp-block-cover-is-layout-constrained\">\n<h6 class=\"wp-block-heading has-text-align-center has-large-font-size\"><strong>La SMART-PHOTOGRAPHY<\/strong><\/h6>\n\n\n\n<p class=\"has-text-align-center\">el uso de tel\u00e9fonos m\u00f3viles en proyectos fotogr\u00e1ficos<\/p>\n<\/div><\/div>\n\n\n\n<div style=\"height:45px\" aria-hidden=\"true\" class=\"wp-block-spacer\"><\/div>\n<\/div>\n<\/div>\n\n\n\n<figure class=\"wp-block-image alignwide size-full\"><img loading=\"lazy\" decoding=\"async\" width=\"1500\" height=\"1500\" src=\"https:\/\/contraluzarte.com\/wp-content\/uploads\/2025\/12\/Mirada-de-autor_12_VPeretti-1.jpg\" alt=\"\" class=\"wp-image-4771\" srcset=\"https:\/\/contraluzarte.com\/wp-content\/uploads\/2025\/12\/Mirada-de-autor_12_VPeretti-1.jpg 1500w, https:\/\/contraluzarte.com\/wp-content\/uploads\/2025\/12\/Mirada-de-autor_12_VPeretti-1-300x300.jpg 300w, https:\/\/contraluzarte.com\/wp-content\/uploads\/2025\/12\/Mirada-de-autor_12_VPeretti-1-1024x1024.jpg 1024w, https:\/\/contraluzarte.com\/wp-content\/uploads\/2025\/12\/Mirada-de-autor_12_VPeretti-1-150x150.jpg 150w, https:\/\/contraluzarte.com\/wp-content\/uploads\/2025\/12\/Mirada-de-autor_12_VPeretti-1-768x768.jpg 768w, https:\/\/contraluzarte.com\/wp-content\/uploads\/2025\/12\/Mirada-de-autor_12_VPeretti-1-12x12.jpg 12w, https:\/\/contraluzarte.com\/wp-content\/uploads\/2025\/12\/Mirada-de-autor_12_VPeretti-1-600x600.jpg 600w, https:\/\/contraluzarte.com\/wp-content\/uploads\/2025\/12\/Mirada-de-autor_12_VPeretti-1-100x100.jpg 100w\" sizes=\"auto, (max-width: 1500px) 100vw, 1500px\" \/><\/figure>\n\n\n\n<div class=\"wp-block-buttons alignwide is-content-justification-center is-layout-flex wp-container-core-buttons-is-layout-a89b3969 wp-block-buttons-is-layout-flex\">\n<div class=\"wp-block-button is-style-fill\"><a class=\"wp-block-button__link has-large-font-size has-custom-font-size wp-element-button\" href=\"#compra\" style=\"font-style:normal;font-weight:400\"><strong>Quiero inscribirme<\/strong><\/a><\/div>\n<\/div>\n\n\n\n<div style=\"height:47px\" aria-hidden=\"true\" class=\"wp-block-spacer\"><\/div>\n\n\n\n<div style=\"height:36px\" aria-hidden=\"true\" class=\"wp-block-spacer\"><\/div>\n\n\n\n<div class=\"wp-block-group alignfull is-style-section-4 has-text-color has-background has-link-color wp-elements-5d17f29a73be5aaa3c7b9e33b2d64fd3 has-global-padding is-layout-constrained wp-block-group-is-layout-constrained is-style-section-4--2\" id=\"compra\" style=\"color:#f2ebf1;background-color:#181f42ed;margin-top:0;margin-bottom:0;padding-top:var(--wp--preset--spacing--60);padding-bottom:var(--wp--preset--spacing--60)\">\n<h2 class=\"wp-block-heading alignwide has-text-align-center has-xx-large-font-size\" id=\"compra\" style=\"padding-right:var(--wp--preset--spacing--30);padding-left:var(--wp--preset--spacing--30);text-decoration:underline;text-transform:uppercase\"><strong>INFORMACIONES<\/strong><\/h2>\n\n\n\n<div style=\"height:12px\" aria-hidden=\"true\" class=\"wp-block-spacer\"><\/div>\n\n\n\n<div class=\"wp-block-columns alignwide is-layout-flex wp-container-core-columns-is-layout-28f84493 wp-block-columns-is-layout-flex\">\n<div class=\"wp-block-column is-layout-flow wp-block-column-is-layout-flow\">\n<h2 class=\"wp-block-heading has-text-align-left\" style=\"font-style:normal;font-weight:500\">04, 11, 18, 25\/05, 01 y 08\/06<\/h2>\n\n\n\n<p class=\"has-large-font-size\" style=\"font-style:normal;font-weight:300\">lunes<\/p>\n\n\n\n<div style=\"height:15px\" aria-hidden=\"true\" class=\"wp-block-spacer\"><\/div>\n\n\n\n<h4 class=\"wp-block-heading has-large-font-size\" style=\"line-height:1\"><strong>20<\/strong>hs a<strong>&nbsp;22:30<\/strong>hs (Asunci\u00f3n, Bras\u00edlia, Buenos Aires, Montevideo)<\/h4>\n\n\n\n<p style=\"font-style:normal;font-weight:400\"><strong>19<\/strong>hs a<strong>&nbsp;21:30<\/strong>hs (Caracas, La Paz, S. Domingo, Santiago)<\/p>\n\n\n\n<p style=\"font-style:normal;font-weight:400\"><strong>18<\/strong>hs a<strong>&nbsp;20:30<\/strong>hs (Bogot\u00e1, Lima, Quito, Ciudad de Panam\u00e1)<\/p>\n\n\n\n<p><strong>17<\/strong>hs a<strong>&nbsp;19:30<\/strong>hs (S. Jos\u00e9, C. de Guatemala, S. Salvador, C. de M\u00e9xico)<\/p>\n\n\n\n<div style=\"height:33px\" aria-hidden=\"true\" class=\"wp-block-spacer\"><\/div>\n\n\n\n<h6 class=\"wp-block-heading\" style=\"line-height:1.5\">Encuentros por Zoom<br>Las grabaciones ser\u00e1n disponibilizadas al d\u00eda siguiente<\/h6>\n<\/div>\n<\/div>\n\n\n\n<div class=\"wp-block-columns alignwide is-layout-flex wp-container-core-columns-is-layout-28f84493 wp-block-columns-is-layout-flex\">\n<div class=\"wp-block-column is-layout-flow wp-block-column-is-layout-flow\">\n<figure class=\"wp-block-image size-full\"><img loading=\"lazy\" decoding=\"async\" width=\"1500\" height=\"1430\" src=\"https:\/\/contraluzarte.com\/wp-content\/uploads\/2025\/12\/Mirada-de-autor_01_VPeretti-1.jpg\" alt=\"\" class=\"wp-image-4780\" srcset=\"https:\/\/contraluzarte.com\/wp-content\/uploads\/2025\/12\/Mirada-de-autor_01_VPeretti-1.jpg 1500w, https:\/\/contraluzarte.com\/wp-content\/uploads\/2025\/12\/Mirada-de-autor_01_VPeretti-1-300x286.jpg 300w, https:\/\/contraluzarte.com\/wp-content\/uploads\/2025\/12\/Mirada-de-autor_01_VPeretti-1-1024x976.jpg 1024w, https:\/\/contraluzarte.com\/wp-content\/uploads\/2025\/12\/Mirada-de-autor_01_VPeretti-1-768x732.jpg 768w, https:\/\/contraluzarte.com\/wp-content\/uploads\/2025\/12\/Mirada-de-autor_01_VPeretti-1-13x12.jpg 13w, https:\/\/contraluzarte.com\/wp-content\/uploads\/2025\/12\/Mirada-de-autor_01_VPeretti-1-600x572.jpg 600w\" sizes=\"auto, (max-width: 1500px) 100vw, 1500px\" \/><\/figure>\n<\/div>\n\n\n\n<div class=\"wp-block-column is-vertically-aligned-top is-layout-flow wp-block-column-is-layout-flow\">\n<h1 class=\"wp-block-heading has-text-align-center\" style=\"text-decoration:underline;text-transform:uppercase\"><strong>Oferta<\/strong><\/h1>\n\n\n\n<h2 class=\"wp-block-heading has-text-align-center\" style=\"text-decoration:line-through\"><strong>320 d\u00f3lares<\/strong><\/h2>\n\n\n\n<h2 class=\"wp-block-heading has-text-align-center\"><strong>297 d\u00f3lares<\/strong><\/h2>\n\n\n\n<div style=\"height:7px\" aria-hidden=\"true\" class=\"wp-block-spacer\"><\/div>\n\n\n\n<div class=\"wp-block-buttons has-custom-font-size has-small-font-size is-content-justification-center is-nowrap is-layout-flex wp-container-core-buttons-is-layout-35c5d4c6 wp-block-buttons-is-layout-flex\" style=\"padding-right:0;padding-left:0\">\n<div class=\"wp-block-button has-custom-width wp-block-button__width-75 is-style-outline is-style-outline--3\"><a class=\"wp-block-button__link has-base-background-color has-text-color has-background has-link-color has-large-font-size has-custom-font-size wp-element-button\" href=\"https:\/\/pay.hotmart.com\/U105486269P?off=hysyc2of\" style=\"border-width:3px;color:#181f42cc;font-style:normal;font-weight:500\">Compra ahora<\/a><\/div>\n<\/div>\n\n\n\n<h6 class=\"wp-block-heading\" style=\"line-height:1.5\">Pago disponible en varias monedas <br>en hasta 5 cuotas<\/h6>\n<\/div>\n<\/div>\n\n\n\n<div style=\"height:36px\" aria-hidden=\"true\" class=\"wp-block-spacer\"><\/div>\n<\/div>\n\n\n\n<div style=\"height:22px\" aria-hidden=\"true\" class=\"wp-block-spacer\"><\/div>\n\n\n\n<h2 class=\"wp-block-heading alignwide has-text-align-center has-xx-large-font-size\" id=\"beneficios\" style=\"padding-right:var(--wp--preset--spacing--30);padding-left:var(--wp--preset--spacing--30);text-decoration:underline;text-transform:uppercase\"><strong>Beneficios<\/strong><\/h2>\n\n\n\n<div style=\"height:31px\" aria-hidden=\"true\" class=\"wp-block-spacer\"><\/div>\n\n\n\n<div class=\"wp-block-columns alignwide is-layout-flex wp-container-core-columns-is-layout-28f84493 wp-block-columns-is-layout-flex\">\n<div class=\"wp-block-column is-layout-flow wp-block-column-is-layout-flow\">\n<blockquote class=\"wp-block-quote is-layout-flow wp-block-quote-is-layout-flow\">\n<h2 class=\"wp-block-heading\"><strong>Encuentros virtuales en vivo<\/strong><\/h2>\n\n\n\n<p>Aulas de 2:30hs por Zoom<\/p>\n<\/blockquote>\n<\/div>\n\n\n\n<div class=\"wp-block-column is-layout-flow wp-block-column-is-layout-flow\">\n<blockquote class=\"wp-block-quote is-layout-flow wp-block-quote-is-layout-flow\">\n<h2 class=\"wp-block-heading\"><strong><strong><strong>Participantes de varias partes de Am\u00e9rica Latina<\/strong><\/strong><\/strong><\/h2>\n\n\n\n<p>Creemos en el compartir de diferentes experiencias<\/p>\n<\/blockquote>\n<\/div>\n<\/div>\n\n\n\n<div class=\"wp-block-columns alignwide is-layout-flex wp-container-core-columns-is-layout-28f84493 wp-block-columns-is-layout-flex\">\n<div class=\"wp-block-column is-layout-flow wp-block-column-is-layout-flow\">\n<blockquote class=\"wp-block-quote is-layout-flow wp-block-quote-is-layout-flow\">\n<h2 class=\"wp-block-heading\"><strong><strong><strong><strong>Acceso a materiales complementarios<\/strong><\/strong><\/strong><\/strong><\/h2>\n\n\n\n<p>Intercambio de informaciones y materiales de estudio<\/p>\n<\/blockquote>\n<\/div>\n\n\n\n<div class=\"wp-block-column is-layout-flow wp-block-column-is-layout-flow\">\n<blockquote class=\"wp-block-quote is-layout-flow wp-block-quote-is-layout-flow\">\n<h2 class=\"wp-block-heading\"><strong><strong><strong>Desarrolla un ensayo fotogr\u00e1fico autoral<\/strong><\/strong><\/strong><\/h2>\n\n\n\n<p>Recibe comentarios cr\u00edticos y constructivos<\/p>\n<\/blockquote>\n<\/div>\n<\/div>\n\n\n\n<div class=\"wp-block-columns alignwide is-layout-flex wp-container-core-columns-is-layout-28f84493 wp-block-columns-is-layout-flex\">\n<div class=\"wp-block-column is-layout-flow wp-block-column-is-layout-flow\">\n<blockquote class=\"wp-block-quote is-layout-flow wp-block-quote-is-layout-flow\">\n<h2 class=\"wp-block-heading\"><strong><strong><strong>M\u00edralo cuando quieras<\/strong><\/strong><\/strong><\/h2>\n\n\n\n<p>La grabaci\u00f3n ser\u00e1 enviada al d\u00eda siguiente<\/p>\n<\/blockquote>\n<\/div>\n\n\n\n<div class=\"wp-block-column is-layout-flow wp-block-column-is-layout-flow\">\n<blockquote class=\"wp-block-quote is-layout-flow wp-block-quote-is-layout-flow\">\n<h2 class=\"wp-block-heading\"><strong><strong><strong>Certificado<\/strong><\/strong><\/strong><\/h2>\n\n\n\n<p>Enviaremos un certificado de 15 horas de clase<\/p>\n<\/blockquote>\n<\/div>\n<\/div>\n\n\n\n<div style=\"height:26px\" aria-hidden=\"true\" class=\"wp-block-spacer\"><\/div>\n\n\n\n<div class=\"wp-block-buttons alignwide is-content-justification-center is-layout-flex wp-container-core-buttons-is-layout-a89b3969 wp-block-buttons-is-layout-flex\">\n<div class=\"wp-block-button is-style-fill\"><a class=\"wp-block-button__link has-large-font-size has-custom-font-size wp-element-button\" href=\"#compra\" style=\"font-style:normal;font-weight:400\"><strong>Quiero inscribirme<\/strong><\/a><\/div>\n<\/div>\n\n\n\n<div style=\"height:23px\" aria-hidden=\"true\" class=\"wp-block-spacer\"><\/div>\n\n\n\n<div class=\"wp-block-group alignfull is-style-default has-base-color has-text-color has-background has-link-color wp-elements-15799488e2af6ee868c857ddd1d93684 has-global-padding is-layout-constrained wp-container-core-group-is-layout-0d85de7f wp-block-group-is-layout-constrained\" style=\"background-color:#181f4299;margin-top:0;margin-bottom:0;padding-top:var(--wp--preset--spacing--60);padding-bottom:var(--wp--preset--spacing--60)\">\n<h2 class=\"wp-block-heading alignwide has-text-align-center has-xx-large-font-size\" id=\"beneficios\" style=\"padding-right:var(--wp--preset--spacing--30);padding-left:var(--wp--preset--spacing--30)\"><strong>Lo que dicen las personas<\/strong> <strong>sobre ContraLuz<\/strong><\/h2>\n\n\n\n<div class=\"wp-block-columns alignwide is-layout-flex wp-container-core-columns-is-layout-714d85e9 wp-block-columns-is-layout-flex\">\n<div class=\"wp-block-column has-border-color has-background is-layout-flow wp-block-column-is-layout-flow\" style=\"border-color:var(--wp--preset--color--accent-6);border-width:1px;border-radius:10px;background-color:#ffffff45;padding-top:var(--wp--preset--spacing--40);padding-right:var(--wp--preset--spacing--40);padding-bottom:var(--wp--preset--spacing--40);padding-left:var(--wp--preset--spacing--40)\">\n<div class=\"wp-block-group has-x-large-font-size has-global-padding is-content-justification-left is-layout-constrained wp-container-core-group-is-layout-9ce65a9a wp-block-group-is-layout-constrained\" style=\"margin-top:0;margin-bottom:0;padding-top:0;padding-right:0;padding-bottom:0;padding-left:0\">\n<h2 class=\"wp-block-heading has-large-font-size\" id=\"participar-dos-cursos-do-contraluz-ampliou-muito-minha-visao-sobre-a-historia-da-fotografia-e-da-america-latina\"><em>Participar dos cursos do <strong>ContraLuz<\/strong> ampliou muito  minha vis\u00e3o sobre a hist\u00f3ria da fotografia e da Am\u00e9rica Latina.<\/em><\/h2>\n<\/div>\n\n\n\n<p class=\"has-accent-4-color has-text-color has-link-color has-medium-font-size wp-elements-42d11f373d020b9296568f11736d54c2\">Let\u00edcia, <strong>Brasil<\/strong><br><sub>estudiante de los cursos <strong>Pensar la Fotograf\u00eda en Am\u00e9rica Latina <\/strong>y <strong>Representa\u00e7\u00f5es da Paisagem na Arte e na Fotografia<\/strong><\/sub><\/p>\n<\/div>\n\n\n\n<div class=\"wp-block-column has-border-color has-background is-layout-flow wp-block-column-is-layout-flow\" style=\"border-color:var(--wp--preset--color--accent-6);border-width:1px;border-radius:10px;background-color:#ffffff45;padding-top:var(--wp--preset--spacing--40);padding-right:var(--wp--preset--spacing--40);padding-bottom:var(--wp--preset--spacing--40);padding-left:var(--wp--preset--spacing--40)\">\n<div class=\"wp-block-group has-x-large-font-size has-global-padding is-content-justification-left is-layout-constrained wp-container-core-group-is-layout-9ce65a9a wp-block-group-is-layout-constrained\" style=\"margin-top:0;margin-bottom:0;padding-top:0;padding-right:0;padding-bottom:0;padding-left:0\">\n<h2 class=\"wp-block-heading has-large-font-size\" id=\"el-curso-me-ayudo-a-encontrar-una-mirada-mas-critica-sobre-mi-propio-trabajo-me-gusto-especialmente-como-se-cruzaron-historia-politica-y-sensibilidad-en-la-fotografia\"><em>El curso me ayud\u00f3 a encontrar una mirada m\u00e1s cr\u00edtica sobre mi propio trabajo. Me gust\u00f3 especialmente c\u00f3mo se cruzaron historia, pol\u00edtica y sensibilidad en la fotograf\u00eda.<\/em><\/h2>\n<\/div>\n\n\n\n<p class=\"has-accent-4-color has-text-color has-link-color has-medium-font-size wp-elements-34405024b90dd92b3a998bd4e4f0b37b\">Carlos, <strong>Argentina<\/strong><br><sub>estudiante del curso <strong>Pr\u00e1cticas Decoloniales en Fotograf\u00eda<\/strong><\/sub><\/p>\n<\/div>\n<\/div>\n\n\n\n<div class=\"wp-block-columns alignwide is-layout-flex wp-container-core-columns-is-layout-714d85e9 wp-block-columns-is-layout-flex\">\n<div class=\"wp-block-column has-border-color has-background is-layout-flow wp-block-column-is-layout-flow\" style=\"border-color:var(--wp--preset--color--accent-6);border-width:1px;border-radius:10px;background-color:#ffffff45;padding-top:var(--wp--preset--spacing--40);padding-right:var(--wp--preset--spacing--40);padding-bottom:var(--wp--preset--spacing--40);padding-left:var(--wp--preset--spacing--40)\">\n<div class=\"wp-block-group has-x-large-font-size has-global-padding is-content-justification-left is-layout-constrained wp-container-core-group-is-layout-9ce65a9a wp-block-group-is-layout-constrained\" style=\"margin-top:0;margin-bottom:0;padding-top:0;padding-right:0;padding-bottom:0;padding-left:0\">\n<h2 class=\"wp-block-heading has-large-font-size\" id=\"lo-que-mas-valoro-del-contraluz-es-la-seriedad-con-la-que-se-abordan-el-arte-en-el-contexto-latinoamericano-es-un-espacio-fundamental-para-quienes-investigamos-imagen-y-cultura\"><em>Lo que m\u00e1s valoro del <strong>ContraLuz<\/strong> es la seriedad con la que se abordan el arte en el contexto latinoamericano. Es un espacio fundamental para quienes investigamos imagen y cultura.<\/em><\/h2>\n<\/div>\n\n\n\n<p class=\"has-accent-4-color has-text-color has-link-color has-medium-font-size wp-elements-952413978eaefd4163615c0900b0ed25\">Mar\u00eda Jos\u00e9, <strong>Guatemala<\/strong><br><sub>estudiante del curso <strong>Pensar la Fotograf\u00eda en Am\u00e9rica Latina<\/strong><\/sub><\/p>\n<\/div>\n\n\n\n<div class=\"wp-block-column has-border-color has-background is-layout-flow wp-block-column-is-layout-flow\" style=\"border-color:var(--wp--preset--color--accent-6);border-width:1px;border-radius:10px;background-color:#ffffff45;padding-top:var(--wp--preset--spacing--40);padding-right:var(--wp--preset--spacing--40);padding-bottom:var(--wp--preset--spacing--40);padding-left:var(--wp--preset--spacing--40)\">\n<div class=\"wp-block-group has-x-large-font-size has-global-padding is-content-justification-left is-layout-constrained wp-container-core-group-is-layout-9ce65a9a wp-block-group-is-layout-constrained\" style=\"margin-top:0;margin-bottom:0;padding-top:0;padding-right:0;padding-bottom:0;padding-left:0\">\n<h2 class=\"wp-block-heading has-large-font-size\" id=\"contraluz-e-uma-comunidade-unica-para-o-pensamento-criacao-e-difusao-da-arte-e-fotografia-latino-americanas\"><em><strong>ContraLuz<\/strong> \u00e9 uma comunidade \u00fanica para o pensamento, cria\u00e7\u00e3o e difus\u00e3o da arte e fotografia latino-americanas<\/em><\/h2>\n<\/div>\n\n\n\n<p class=\"has-accent-4-color has-text-color has-link-color has-medium-font-size wp-elements-f45e4d275a258245ba2cb607bbb4ebb6\">Ant\u00f4nio, <strong>Brasil<\/strong><br><sub>estudiante del curso <strong>Pensar la Fotograf\u00eda en Am\u00e9rica Latina<\/strong><\/sub><\/p>\n<\/div>\n<\/div>\n\n\n\n<div class=\"wp-block-columns alignwide is-layout-flex wp-container-core-columns-is-layout-714d85e9 wp-block-columns-is-layout-flex\">\n<div class=\"wp-block-column has-border-color has-background is-layout-flow wp-block-column-is-layout-flow\" style=\"border-color:var(--wp--preset--color--accent-6);border-width:1px;border-radius:10px;background-color:#ffffff45;padding-top:var(--wp--preset--spacing--40);padding-right:var(--wp--preset--spacing--40);padding-bottom:var(--wp--preset--spacing--40);padding-left:var(--wp--preset--spacing--40)\">\n<div class=\"wp-block-group has-x-large-font-size has-global-padding is-content-justification-left is-layout-constrained wp-container-core-group-is-layout-9ce65a9a wp-block-group-is-layout-constrained\" style=\"margin-top:0;margin-bottom:0;padding-top:0;padding-right:0;padding-bottom:0;padding-left:0\">\n<h2 class=\"wp-block-heading has-large-font-size\" id=\"contraluz-no-solo-ofrece-formacion-sino-tambien-comunidad-senti-que-mis-inquietudes-encontraban-eco-en-un-espacio-latinoamericano-comprometido-con-la-imagen-y-la-reflexion-critica\"><em><strong>ContraLuz<\/strong> no s\u00f3lo ofrece formaci\u00f3n, sino tambi\u00e9n comunidad. Sent\u00ed que mis inquietudes encontraban eco en un espacio latinoamericano comprometido con la imagen y la reflexi\u00f3n cr\u00edtica.<\/em><\/h2>\n<\/div>\n\n\n\n<p class=\"has-accent-4-color has-text-color has-link-color has-medium-font-size wp-elements-929e1782ad6146d9fddcebf5e903c1c7\">Andr\u00e9s, <strong>M\u00e9xico<\/strong><br><sub>estudiante de los cursos <strong>Pensar la Fotograf\u00eda en Am\u00e9rica Latina <\/strong>y <strong>Representa\u00e7\u00f5es da Paisagem na Arte e na Fotografia<\/strong><\/sub><\/p>\n<\/div>\n\n\n\n<div class=\"wp-block-column has-border-color has-background is-layout-flow wp-block-column-is-layout-flow\" style=\"border-color:var(--wp--preset--color--accent-6);border-width:1px;border-radius:10px;background-color:#ffffff45;padding-top:var(--wp--preset--spacing--40);padding-right:var(--wp--preset--spacing--40);padding-bottom:var(--wp--preset--spacing--40);padding-left:var(--wp--preset--spacing--40)\">\n<div class=\"wp-block-group has-x-large-font-size has-global-padding is-content-justification-left is-layout-constrained wp-container-core-group-is-layout-9ce65a9a wp-block-group-is-layout-constrained\" style=\"margin-top:0;margin-bottom:0;padding-top:0;padding-right:0;padding-bottom:0;padding-left:0\">\n<h2 class=\"wp-block-heading has-large-font-size\" id=\"os-cursos-do-contraluz-me-fizeram-pensar-muito-alem-da-tecnica-me-fizeram-refletir-na-fotografia-como-politica-memoria-e-afeto-me-fez-repensar-tudo-que-eu-produzia-e-por-que\"><em>Os cursos do <strong>ContraLuz<\/strong> me fizeram pensar muito al\u00e9m da t\u00e9cnica \u2014 me fizeram refletir na fotografia como pol\u00edtica, mem\u00f3ria e afeto. Me fez repensar tudo que eu produzia e por qu\u00ea.<\/em><\/h2>\n<\/div>\n\n\n\n<p class=\"has-accent-4-color has-text-color has-link-color has-medium-font-size wp-elements-d1d22650a2db210788f5e3e1f5c2cf1a\">F\u00e1tima, <strong>Brasil<\/strong><br><sub>estudiante de los cursos <strong>Historia de la Fotograf\u00eda en Am\u00e9rica Latina<\/strong> y <strong>Pensar la Fotograf\u00eda en Am\u00e9rica Latina<\/strong><\/sub><\/p>\n<\/div>\n<\/div>\n\n\n\n<div class=\"wp-block-buttons alignwide is-content-justification-center is-layout-flex wp-container-core-buttons-is-layout-a89b3969 wp-block-buttons-is-layout-flex\">\n<div class=\"wp-block-button has-custom-width wp-block-button__width-50\"><a class=\"wp-block-button__link has-background has-text-align-center has-custom-font-size wp-element-button\" href=\"#compra\" style=\"background-color:#181f428f;font-size:clamp(0.875rem, 0.875rem + ((1vw - 0.2rem) * 0.667), 1.3rem);font-style:normal;font-weight:700\">Participar del curso<\/a><\/div>\n<\/div>\n<\/div>\n\n\n\n<div style=\"height:23px\" aria-hidden=\"true\" class=\"wp-block-spacer\"><\/div>\n\n\n\n<hr class=\"wp-block-separator has-text-color has-cyan-bluish-gray-color has-alpha-channel-opacity has-cyan-bluish-gray-background-color has-background is-style-wide is-style-wide--4\"\/>\n\n\n\n<div style=\"height:23px\" aria-hidden=\"true\" class=\"wp-block-spacer\"><\/div>\n\n\n\n<h2 class=\"wp-block-heading has-text-align-center has-xx-large-font-size\"><strong>\u00bfAlguna duda?<\/strong><\/h2>\n\n\n\n<div class=\"wp-block-columns is-layout-flex wp-container-core-columns-is-layout-28f84493 wp-block-columns-is-layout-flex\">\n<div class=\"wp-block-column is-layout-flow wp-block-column-is-layout-flow\">\n<div style=\"text-align: center; margin: 40px 0;\">\n  <a href=\"https:\/\/wa.me\/573224624061\" target=\"_blank\" style=\"background-color: black; color: white; padding: 14px 28px; border-radius: 5px; text-decoration: none; font-size: 16px; font-weight: bold;\">\n    \ud83d\udcac Escr\u00edbenos por WhatsApp\n  <\/a>\n<\/div>\n<\/div>\n\n\n\n<div class=\"wp-block-column is-layout-flow wp-block-column-is-layout-flow\">\n<div style=\"text-align: center; margin: 40px 0;\">\n  <a href=\"mailto:contraluz.contraluz@gmail.com\" style=\"background-color: black; color: white; padding: 14px 28px; border-radius: 5px; text-decoration: none; font-size: 16px; font-weight: bold;\">\n    \u2709\ufe0f Cont\u00e1ctanos por correo electr\u00f3nico\n  <\/a>\n<\/div>\n<\/div>\n<\/div>\n\n\n\n\n\n<div class=\"wp-block-cover alignfull wp-duotone-000097-832323-6\" style=\"margin-top:0;padding-top:4vw;padding-right:4vw;padding-bottom:4vw;padding-left:4vw;min-height:50vh;aspect-ratio:unset;\"><img decoding=\"async\" class=\"wp-block-cover__image-background wp-image-334\" alt=\"\" src=\"https:\/\/pd.w.org\/2022\/01\/2661f82cd1ba9172.16386413.jpg\" data-object-fit=\"cover\"\/><span aria-hidden=\"true\" class=\"wp-block-cover__background has-background-dim-100 has-background-dim\" style=\"background-color:#2c3066\"><\/span><div class=\"wp-block-cover__inner-container is-layout-flow wp-block-cover-is-layout-flow\">\n<div class=\"wp-block-group is-layout-flow wp-container-core-group-is-layout-d6743c7d wp-block-group-is-layout-flow\">\n<p class=\"has-text-align-left has-text-color\" style=\"color:#ffb23d;font-size:clamp(36.518px, 2.282rem + ((1vw - 3.2px) * 2.988), 67px);font-style:normal;font-weight:700;letter-spacing:-2px;line-height:1.1;text-transform:uppercase\">\u00bfQUIERES PARTICIPAR <\/p>\n\n\n\n<p class=\"has-text-align-left has-text-color\" style=\"color:#ffb23d;font-size:clamp(36.518px, 2.282rem + ((1vw - 3.2px) * 2.988), 67px);font-style:normal;font-weight:700;letter-spacing:-2px;line-height:1.1;text-transform:uppercase\">DEL GRUPO DE WHATSAPP DE CONTRALUZ?<\/p>\n\n\n\n<h2 class=\"wp-block-heading has-luminous-vivid-amber-color has-text-color has-link-color wp-elements-a9afdcc76cb5691769a97acf632fd82f\" id=\"queremos-criar-uma-rede-de-fotografia-latino-americana\">Queremos crear una red de fotograf\u00eda latinoamericana<\/h2>\n\n\n\n<div style=\"height:41px\" aria-hidden=\"true\" class=\"wp-block-spacer\"><\/div>\n\n\n\n<div class=\"wp-block-buttons is-layout-flex wp-block-buttons-is-layout-flex\">\n<div class=\"wp-block-button is-style-outline is-style-outline--5\"><a class=\"wp-block-button__link has-text-color has-background has-link-color has-large-font-size has-custom-font-size wp-element-button\" href=\"https:\/\/chat.whatsapp.com\/JQ0h1YPgiktEzN5OhsVv0t\" style=\"color:#ffb23d;background-color:#2c3066\">Participe del grupo<\/a><\/div>\n<\/div>\n<\/div>\n<\/div><\/div>\n\n\n\n<p><\/p>","protected":false},"excerpt":{"rendered":"<p>PROFESSORA Viviana Peretti Viviana Peretti \u00e9 uma fot\u00f3grafa italiana que realizou reportagens de longo prazo sobre comunidades marginalizadas e viola\u00e7\u00f5es de direitos humanos. Em 2000, ap\u00f3s se formar em Literatura pela Universidade de Roma, viajou para a Col\u00f4mbia, onde se especializou em Jornalismo e trabalhou durante anos como freelancer. Em 2010, Peretti se formou em [&hellip;]<\/p>\n","protected":false},"author":1,"featured_media":0,"parent":0,"menu_order":0,"comment_status":"closed","ping_status":"closed","template":"","meta":{"_exactmetrics_skip_tracking":false,"_exactmetrics_sitenote_active":false,"_exactmetrics_sitenote_note":"","_exactmetrics_sitenote_category":0,"footnotes":""},"class_list":["post-4765","page","type-page","status-publish","hentry"],"_links":{"self":[{"href":"https:\/\/contraluzarte.com\/esp\/wp-json\/wp\/v2\/pages\/4765","targetHints":{"allow":["GET"]}}],"collection":[{"href":"https:\/\/contraluzarte.com\/esp\/wp-json\/wp\/v2\/pages"}],"about":[{"href":"https:\/\/contraluzarte.com\/esp\/wp-json\/wp\/v2\/types\/page"}],"author":[{"embeddable":true,"href":"https:\/\/contraluzarte.com\/esp\/wp-json\/wp\/v2\/users\/1"}],"replies":[{"embeddable":true,"href":"https:\/\/contraluzarte.com\/esp\/wp-json\/wp\/v2\/comments?post=4765"}],"version-history":[{"count":34,"href":"https:\/\/contraluzarte.com\/esp\/wp-json\/wp\/v2\/pages\/4765\/revisions"}],"predecessor-version":[{"id":5346,"href":"https:\/\/contraluzarte.com\/esp\/wp-json\/wp\/v2\/pages\/4765\/revisions\/5346"}],"wp:attachment":[{"href":"https:\/\/contraluzarte.com\/esp\/wp-json\/wp\/v2\/media?parent=4765"}],"curies":[{"name":"wp","href":"https:\/\/api.w.org\/{rel}","templated":true}]}}