{"id":5049,"date":"2026-03-18T12:09:06","date_gmt":"2026-03-18T15:09:06","guid":{"rendered":"https:\/\/contraluzarte.com\/?page_id=5049"},"modified":"2026-03-30T12:00:11","modified_gmt":"2026-03-30T15:00:11","slug":"curso-desenvolvimento-fotografico-leitura-imagens","status":"publish","type":"page","link":"https:\/\/contraluzarte.com\/esp\/curso-desenvolvimento-fotografico-leitura-imagens\/","title":{"rendered":"Curso_Desenvolvimento fotogr\u00e1fico e leitura de imagens"},"content":{"rendered":"<div class=\"wp-block-cover alignfull\"><span aria-hidden=\"true\" class=\"wp-block-cover__background has-background-dim-90 has-background-dim\" style=\"background-color:#a52517\"><\/span><div class=\"wp-block-cover__inner-container has-global-padding is-layout-constrained wp-block-cover-is-layout-constrained\">\n<h6 class=\"wp-block-heading has-text-align-center has-text-color has-link-color has-small-font-size wp-elements-68a3b58ee5ddad393c8e9dd928c1fe57\" style=\"color:#ffffffa8;font-style:normal;font-weight:700;text-transform:uppercase\">curso presencial em s\u00e3o paulo<\/h6>\n\n\n\n<div class=\"wp-block-columns is-layout-flex wp-container-core-columns-is-layout-28f84493 wp-block-columns-is-layout-flex\">\n<div class=\"wp-block-column is-layout-flow wp-block-column-is-layout-flow\">\n<h3 class=\"wp-block-heading has-text-align-center is-style-default has-xx-large-font-size\" style=\"font-style:normal;font-weight:700;text-transform:none\"><strong>Desenvolvimento fotogr\u00e1fico<\/strong><br><strong>e leitura de imagens<\/strong> <\/h3>\n\n\n\n<div style=\"height:28px\" aria-hidden=\"true\" class=\"wp-block-spacer\"><\/div>\n<\/div>\n<\/div>\n\n\n\n<figure class=\"wp-block-image aligncenter size-full is-resized\"><img loading=\"lazy\" decoding=\"async\" width=\"743\" height=\"1100\" src=\"https:\/\/contraluzarte.com\/wp-content\/uploads\/2026\/03\/Dani-Sandrini-5.jpg.jpeg\" alt=\"\" class=\"wp-image-5102\" style=\"aspect-ratio:0.6754589783028438;width:420px;height:auto\" srcset=\"https:\/\/contraluzarte.com\/wp-content\/uploads\/2026\/03\/Dani-Sandrini-5.jpg.jpeg 743w, https:\/\/contraluzarte.com\/wp-content\/uploads\/2026\/03\/Dani-Sandrini-5.jpg-203x300.jpeg 203w, https:\/\/contraluzarte.com\/wp-content\/uploads\/2026\/03\/Dani-Sandrini-5.jpg-692x1024.jpeg 692w, https:\/\/contraluzarte.com\/wp-content\/uploads\/2026\/03\/Dani-Sandrini-5.jpg-8x12.jpeg 8w, https:\/\/contraluzarte.com\/wp-content\/uploads\/2026\/03\/Dani-Sandrini-5.jpg-300x444.jpeg 300w, https:\/\/contraluzarte.com\/wp-content\/uploads\/2026\/03\/Dani-Sandrini-5.jpg-600x888.jpeg 600w\" sizes=\"auto, (max-width: 743px) 100vw, 743px\" \/><figcaption class=\"wp-element-caption\">Dani Sandrini<\/figcaption><\/figure>\n\n\n\n<div style=\"height:18px\" aria-hidden=\"true\" class=\"wp-block-spacer\"><\/div>\n\n\n\n<div class=\"wp-block-group alignfull is-style-default has-background has-global-padding is-layout-constrained wp-container-core-group-is-layout-32a46761 wp-block-group-is-layout-constrained\" style=\"background-color:#ffffff26;margin-top:0;margin-bottom:0;padding-top:var(--wp--preset--spacing--40);padding-right:var(--wp--preset--spacing--50);padding-bottom:var(--wp--preset--spacing--40);padding-left:var(--wp--preset--spacing--50)\">\n<div style=\"height:20px\" aria-hidden=\"true\" class=\"wp-block-spacer\"><\/div>\n\n\n\n<h6 class=\"wp-block-heading has-text-align-left has-base-color has-text-color has-link-color has-medium-font-size wp-elements-3ec4a0ad4a6e5b66a3a6dbfdb9391eef\" id=\"beneficios\" style=\"padding-right:var(--wp--preset--spacing--30);padding-left:var(--wp--preset--spacing--30);font-style:normal;font-weight:200;line-height:1.4;text-transform:none\">Um espa\u00e7o para <br>mostrar, <br>discutir,<br>aprofundar e<br>compartilhar <br>seu <strong>ensaio fotogr\u00e1fico<\/strong><\/h6>\n\n\n\n<div style=\"height:20px\" aria-hidden=\"true\" class=\"wp-block-spacer\"><\/div>\n<\/div>\n\n\n\n<div style=\"height:18px\" aria-hidden=\"true\" class=\"wp-block-spacer\"><\/div>\n\n\n\n<div class=\"wp-block-buttons is-content-justification-center is-layout-flex wp-container-core-buttons-is-layout-a89b3969 wp-block-buttons-is-layout-flex\">\n<div class=\"wp-block-button is-style-outline is-style-outline--1\" id=\"<a-href=&quot;-compra&quot;-class=&quot;botao-scroll&quot;&gt;Quero-comprar<\/a&gt;\"><a class=\"wp-block-button__link has-base-color has-accent-6-background-color has-text-color has-background has-link-color has-custom-font-size wp-element-button\" href=\"#compra\" style=\"font-size:clamp(14.642px, 0.915rem + ((1vw - 3.2px) * 0.721), 22px);font-style:normal;font-weight:400\">\u00a1Quiero participar!<\/a><\/div>\n<\/div>\n\n\n\n<div style=\"height:18px\" aria-hidden=\"true\" class=\"wp-block-spacer\"><\/div>\n<\/div><\/div>\n\n\n\n<figure class=\"wp-block-image alignwide size-full\" style=\"margin-top:var(--wp--preset--spacing--30);margin-bottom:var(--wp--preset--spacing--30)\"><img loading=\"lazy\" decoding=\"async\" width=\"2000\" height=\"1334\" src=\"https:\/\/contraluzarte.com\/wp-content\/uploads\/2026\/03\/Dani-Sandrini-3.jpg.jpeg\" alt=\"\" class=\"wp-image-5052\" srcset=\"https:\/\/contraluzarte.com\/wp-content\/uploads\/2026\/03\/Dani-Sandrini-3.jpg.jpeg 2000w, https:\/\/contraluzarte.com\/wp-content\/uploads\/2026\/03\/Dani-Sandrini-3.jpg-300x200.jpeg 300w, https:\/\/contraluzarte.com\/wp-content\/uploads\/2026\/03\/Dani-Sandrini-3.jpg-1024x683.jpeg 1024w, https:\/\/contraluzarte.com\/wp-content\/uploads\/2026\/03\/Dani-Sandrini-3.jpg-768x512.jpeg 768w, https:\/\/contraluzarte.com\/wp-content\/uploads\/2026\/03\/Dani-Sandrini-3.jpg-1536x1025.jpeg 1536w, https:\/\/contraluzarte.com\/wp-content\/uploads\/2026\/03\/Dani-Sandrini-3.jpg-18x12.jpeg 18w, https:\/\/contraluzarte.com\/wp-content\/uploads\/2026\/03\/Dani-Sandrini-3.jpg-600x400.jpeg 600w\" sizes=\"auto, (max-width: 2000px) 100vw, 2000px\" \/><figcaption class=\"wp-element-caption\">Dani Sandrini<\/figcaption><\/figure>\n\n\n\n<figure class=\"wp-block-image alignwide size-full\" style=\"margin-top:var(--wp--preset--spacing--30);margin-bottom:var(--wp--preset--spacing--30)\"><img loading=\"lazy\" decoding=\"async\" width=\"2500\" height=\"1667\" src=\"https:\/\/contraluzarte.com\/wp-content\/uploads\/2026\/03\/ze_barretta4.jpg.jpeg\" alt=\"\" class=\"wp-image-5051\" srcset=\"https:\/\/contraluzarte.com\/wp-content\/uploads\/2026\/03\/ze_barretta4.jpg.jpeg 2500w, https:\/\/contraluzarte.com\/wp-content\/uploads\/2026\/03\/ze_barretta4.jpg-300x200.jpeg 300w, https:\/\/contraluzarte.com\/wp-content\/uploads\/2026\/03\/ze_barretta4.jpg-1024x683.jpeg 1024w, https:\/\/contraluzarte.com\/wp-content\/uploads\/2026\/03\/ze_barretta4.jpg-768x512.jpeg 768w, https:\/\/contraluzarte.com\/wp-content\/uploads\/2026\/03\/ze_barretta4.jpg-1536x1024.jpeg 1536w, https:\/\/contraluzarte.com\/wp-content\/uploads\/2026\/03\/ze_barretta4.jpg-2048x1366.jpeg 2048w, https:\/\/contraluzarte.com\/wp-content\/uploads\/2026\/03\/ze_barretta4.jpg-18x12.jpeg 18w, https:\/\/contraluzarte.com\/wp-content\/uploads\/2026\/03\/ze_barretta4.jpg-600x400.jpeg 600w\" sizes=\"auto, (max-width: 2500px) 100vw, 2500px\" \/><figcaption class=\"wp-element-caption\">Z\u00e9 Barretta<\/figcaption><\/figure>\n\n\n\n<h2 class=\"wp-block-heading has-text-align-center has-text-color has-xx-large-font-size\" style=\"color:#a62517ed;text-decoration:underline;text-transform:lowercase\"><strong>conte\u00fado<\/strong><\/h2>\n\n\n\n<div style=\"height:11px\" aria-hidden=\"true\" class=\"wp-block-spacer\"><\/div>\n\n\n\n<div class=\"wp-block-group alignfull is-style-default has-background has-global-padding is-layout-constrained wp-container-core-group-is-layout-32a46761 wp-block-group-is-layout-constrained\" style=\"background-color:#a62517cf;margin-top:0;margin-bottom:0;padding-top:var(--wp--preset--spacing--40);padding-right:var(--wp--preset--spacing--50);padding-bottom:var(--wp--preset--spacing--40);padding-left:var(--wp--preset--spacing--50)\">\n<h6 class=\"wp-block-heading alignwide has-text-align-left has-base-color has-text-color has-link-color has-large-font-size wp-elements-7bbd14ed33a2b85bbec32199d22d8ec0\" id=\"beneficios\" style=\"padding-right:var(--wp--preset--spacing--30);padding-left:var(--wp--preset--spacing--30);font-style:normal;font-weight:300;text-transform:none\"><strong>Refine o seu olhar<\/strong> com os coment\u00e1rios de outros fot\u00f3grafos<\/h6>\n<\/div>\n\n\n\n<div class=\"wp-block-group alignfull is-style-default has-background has-global-padding is-layout-constrained wp-container-core-group-is-layout-32a46761 wp-block-group-is-layout-constrained\" style=\"background-color:#a62517a6;margin-top:0;margin-bottom:0;padding-top:var(--wp--preset--spacing--40);padding-right:var(--wp--preset--spacing--50);padding-bottom:var(--wp--preset--spacing--40);padding-left:var(--wp--preset--spacing--50)\">\n<h6 class=\"wp-block-heading alignwide has-text-align-left has-base-color has-text-color has-link-color has-large-font-size wp-elements-2dee96403cf02e0522c7cb4ba05962ca\" id=\"beneficios\" style=\"padding-right:var(--wp--preset--spacing--30);padding-left:var(--wp--preset--spacing--30);font-style:normal;font-weight:300;text-transform:none\">Conhe\u00e7a importantes <strong>referentes da fotografia<\/strong><\/h6>\n<\/div>\n\n\n\n<div class=\"wp-block-group alignfull is-style-default has-background has-global-padding is-layout-constrained wp-container-core-group-is-layout-32a46761 wp-block-group-is-layout-constrained\" style=\"background-color:#a62517cf;margin-top:0;margin-bottom:0;padding-top:var(--wp--preset--spacing--40);padding-right:var(--wp--preset--spacing--50);padding-bottom:var(--wp--preset--spacing--40);padding-left:var(--wp--preset--spacing--50)\">\n<h6 class=\"wp-block-heading alignwide has-text-align-left has-base-color has-text-color has-link-color has-large-font-size wp-elements-9ed6b86760720a0ce1b3ce30e6196719\" id=\"beneficios\" style=\"padding-right:var(--wp--preset--spacing--30);padding-left:var(--wp--preset--spacing--30);font-style:normal;font-weight:300;text-transform:none\">Aprenda a desenvolver um projeto <strong>fotogr\u00e1fico coerente e instigante<\/strong><\/h6>\n<\/div>\n\n\n\n<div class=\"wp-block-group alignfull is-style-default has-background has-global-padding is-layout-constrained wp-container-core-group-is-layout-32a46761 wp-block-group-is-layout-constrained\" style=\"background-color:#a62517a6;margin-top:0;margin-bottom:0;padding-top:var(--wp--preset--spacing--40);padding-right:var(--wp--preset--spacing--50);padding-bottom:var(--wp--preset--spacing--40);padding-left:var(--wp--preset--spacing--50)\">\n<h6 class=\"wp-block-heading alignwide has-text-align-left has-base-color has-text-color has-link-color has-large-font-size wp-elements-bcbe630f08fb05e81be85852aa957530\" id=\"beneficios\" style=\"padding-right:var(--wp--preset--spacing--30);padding-left:var(--wp--preset--spacing--30);font-style:normal;font-weight:300;text-transform:none\"><strong>Crie um portf\u00f3lio<\/strong> com suas melhores imagens<\/h6>\n<\/div>\n\n\n\n<div class=\"wp-block-group alignfull is-style-default has-background has-global-padding is-layout-constrained wp-container-core-group-is-layout-32a46761 wp-block-group-is-layout-constrained\" style=\"background-color:#a62517cf;margin-top:0;margin-bottom:0;padding-top:var(--wp--preset--spacing--40);padding-right:var(--wp--preset--spacing--50);padding-bottom:var(--wp--preset--spacing--40);padding-left:var(--wp--preset--spacing--50)\">\n<h6 class=\"wp-block-heading alignwide has-text-align-left has-base-color has-text-color has-link-color has-large-font-size wp-elements-b16c34f952c55d1f754c86c247715b9d\" id=\"beneficios\" style=\"padding-right:var(--wp--preset--spacing--30);padding-left:var(--wp--preset--spacing--30);font-style:normal;font-weight:300;text-transform:none\">Participe de um <strong>grupo ativo de fotografia<\/strong><\/h6>\n<\/div>\n\n\n\n<div class=\"wp-block-group alignfull is-style-default has-background has-global-padding is-layout-constrained wp-container-core-group-is-layout-32a46761 wp-block-group-is-layout-constrained\" style=\"background-color:#a62517a6;margin-top:0;margin-bottom:0;padding-top:var(--wp--preset--spacing--40);padding-right:var(--wp--preset--spacing--50);padding-bottom:var(--wp--preset--spacing--40);padding-left:var(--wp--preset--spacing--50)\">\n<h6 class=\"wp-block-heading alignwide has-text-align-left has-base-color has-text-color has-link-color has-large-font-size wp-elements-c55fa57aec7db46f50faa796ef3d963a\" id=\"beneficios\" style=\"padding-right:var(--wp--preset--spacing--30);padding-left:var(--wp--preset--spacing--30);font-style:normal;font-weight:300;text-transform:none\">Entenda as t\u00e9cnicas e estrat\u00e9gias para o <strong>desenvolvimento de um ensaio fotogr\u00e1fico<\/strong><\/h6>\n<\/div>\n\n\n\n<div class=\"wp-block-group alignfull is-style-default has-background has-global-padding is-layout-constrained wp-container-core-group-is-layout-32a46761 wp-block-group-is-layout-constrained\" style=\"background-color:#a62517cf;margin-top:0;margin-bottom:0;padding-top:var(--wp--preset--spacing--40);padding-right:var(--wp--preset--spacing--50);padding-bottom:var(--wp--preset--spacing--40);padding-left:var(--wp--preset--spacing--50)\">\n<h6 class=\"wp-block-heading alignwide has-text-align-left has-base-color has-text-color has-link-color has-large-font-size wp-elements-5555bcc786b265e5e924fe006556048c\" id=\"beneficios\" style=\"padding-right:var(--wp--preset--spacing--30);padding-left:var(--wp--preset--spacing--30);font-style:normal;font-weight:300;text-transform:none\"><strong>Publique seu ensaio<\/strong> no site do <strong>ContraLuz<\/strong><\/h6>\n\n\n\n<h2 class=\"wp-block-heading alignwide has-base-color has-text-color has-link-color has-medium-font-size wp-elements-9fa035d00cabe050d8fa692618bd3506\" style=\"font-style:normal;font-weight:100\">Cada estudante poder\u00e1 subir seu trabalho na se\u00e7\u00e3o <strong>Imagens Circulantes<\/strong><\/h2>\n<\/div>\n\n\n\n<figure class=\"wp-block-image alignwide size-full\"><img loading=\"lazy\" decoding=\"async\" width=\"1600\" height=\"2000\" src=\"https:\/\/contraluzarte.com\/wp-content\/uploads\/2026\/03\/Dani-Sandrini-1.jpg.jpeg\" alt=\"\" class=\"wp-image-5057\" srcset=\"https:\/\/contraluzarte.com\/wp-content\/uploads\/2026\/03\/Dani-Sandrini-1.jpg.jpeg 1600w, https:\/\/contraluzarte.com\/wp-content\/uploads\/2026\/03\/Dani-Sandrini-1.jpg-240x300.jpeg 240w, https:\/\/contraluzarte.com\/wp-content\/uploads\/2026\/03\/Dani-Sandrini-1.jpg-819x1024.jpeg 819w, https:\/\/contraluzarte.com\/wp-content\/uploads\/2026\/03\/Dani-Sandrini-1.jpg-768x960.jpeg 768w, https:\/\/contraluzarte.com\/wp-content\/uploads\/2026\/03\/Dani-Sandrini-1.jpg-1229x1536.jpeg 1229w, https:\/\/contraluzarte.com\/wp-content\/uploads\/2026\/03\/Dani-Sandrini-1.jpg-10x12.jpeg 10w, https:\/\/contraluzarte.com\/wp-content\/uploads\/2026\/03\/Dani-Sandrini-1.jpg-300x375.jpeg 300w, https:\/\/contraluzarte.com\/wp-content\/uploads\/2026\/03\/Dani-Sandrini-1.jpg-600x750.jpeg 600w\" sizes=\"auto, (max-width: 1600px) 100vw, 1600px\" \/><figcaption class=\"wp-element-caption\"><strong>Dani Sandrini.<\/strong> Terra terreno Territorio &#8211; parte do projeto Darueira<br><\/figcaption><\/figure>\n\n\n\n<div class=\"wp-block-group alignfull is-style-default has-base-color has-text-color has-background has-link-color wp-elements-6b2c2d743488f2c40f3e4ca93ccbd05a has-global-padding is-content-justification-center is-layout-constrained wp-container-core-group-is-layout-39e8dd3d wp-block-group-is-layout-constrained\" style=\"background-color:#a62517b3;margin-top:0;margin-bottom:0;padding-top:45px;padding-right:var(--wp--style--root--padding-right, var(--wp--custom--gap--horizontal));padding-bottom:31px;padding-left:var(--wp--style--root--padding-left, var(--wp--custom--gap--horizontal))\">\n<h2 class=\"wp-block-heading has-text-align-center has-ast-global-color-2-color has-text-color has-xx-large-font-size\" style=\"text-decoration:underline;text-transform:lowercase\"><strong>PROFESSORes<\/strong><\/h2>\n\n\n\n<div style=\"height:31px\" aria-hidden=\"true\" class=\"wp-block-spacer\"><\/div>\n\n\n\n<div class=\"wp-block-group alignwide has-global-padding is-layout-constrained wp-container-core-group-is-layout-e68963ae wp-block-group-is-layout-constrained\">\n<div class=\"wp-block-columns alignfull is-layout-flex wp-container-core-columns-is-layout-28f84493 wp-block-columns-is-layout-flex\">\n<div class=\"wp-block-column is-layout-flow wp-block-column-is-layout-flow\">\n<figure class=\"wp-block-image size-large\"><a href=\"https:\/\/contraluzarte.com\/wp-content\/uploads\/2026\/03\/Dani-Sandrini-6.jpg.jpeg\"><img loading=\"lazy\" decoding=\"async\" width=\"1024\" height=\"681\" src=\"https:\/\/contraluzarte.com\/wp-content\/uploads\/2026\/03\/Dani-Sandrini-6.jpg-1024x681.jpeg\" alt=\"\" class=\"wp-image-5053\" srcset=\"https:\/\/contraluzarte.com\/wp-content\/uploads\/2026\/03\/Dani-Sandrini-6.jpg-1024x681.jpeg 1024w, https:\/\/contraluzarte.com\/wp-content\/uploads\/2026\/03\/Dani-Sandrini-6.jpg-300x200.jpeg 300w, https:\/\/contraluzarte.com\/wp-content\/uploads\/2026\/03\/Dani-Sandrini-6.jpg-768x511.jpeg 768w, https:\/\/contraluzarte.com\/wp-content\/uploads\/2026\/03\/Dani-Sandrini-6.jpg-1536x1022.jpeg 1536w, https:\/\/contraluzarte.com\/wp-content\/uploads\/2026\/03\/Dani-Sandrini-6.jpg-18x12.jpeg 18w, https:\/\/contraluzarte.com\/wp-content\/uploads\/2026\/03\/Dani-Sandrini-6.jpg-600x399.jpeg 600w, https:\/\/contraluzarte.com\/wp-content\/uploads\/2026\/03\/Dani-Sandrini-6.jpg.jpeg 2000w\" sizes=\"auto, (max-width: 1024px) 100vw, 1024px\" \/><\/a><figcaption class=\"wp-element-caption\">foto de Bruna Bombarda<\/figcaption><\/figure>\n<\/div>\n\n\n\n<div class=\"wp-block-column is-vertically-aligned-center is-layout-flow wp-block-column-is-layout-flow\">\n<h2 class=\"wp-block-heading has-text-align-left has-ast-global-color-2-color has-text-color\"><strong>Dani Sandrini<\/strong><\/h2>\n\n\n\n<p class=\"is-style-default has-large-font-size\" style=\"font-style:normal;font-weight:100;line-height:1.2\">Fot\u00f3grafa e educadora desde 1998, trabalha com fotografia tanto comercialmente quanto como ferramenta em propostas l\u00fadicas e educacionais. Em 2013 agrega os estudos de psican\u00e1lise aos saberes da arte e educa\u00e7\u00e3o.<br><br>Desenvolve projetos autorais relacionados \u00e0 mem\u00f3ria e \u00e0 rela\u00e7\u00e3o entre cidade, habitantes e sociedade. Desde 2019 circula com o projeto terra terreno territ\u00f3rio, documental sobre ind\u00edgenas no mundo contempor\u00e2neo, com impress\u00f5es artesanais, que j\u00e1 foi exposto em 18 cidades e 4 pa\u00edses.<\/p>\n<\/div>\n<\/div>\n\n\n\n<div style=\"height:73px\" aria-hidden=\"true\" class=\"wp-block-spacer\"><\/div>\n\n\n\n<div class=\"wp-block-columns alignfull is-layout-flex wp-container-core-columns-is-layout-28f84493 wp-block-columns-is-layout-flex\">\n<div class=\"wp-block-column is-layout-flow wp-block-column-is-layout-flow\">\n<figure class=\"wp-block-image aligncenter size-large is-resized\"><a href=\"https:\/\/contraluzarte.com\/wp-content\/uploads\/2026\/03\/MG_0071-Editar.jpg.jpeg\"><img loading=\"lazy\" decoding=\"async\" width=\"683\" height=\"1024\" src=\"https:\/\/contraluzarte.com\/wp-content\/uploads\/2026\/03\/MG_0071-Editar.jpg-683x1024.jpeg\" alt=\"\" class=\"wp-image-5054\" style=\"aspect-ratio:0.6669929656020215;width:339px;height:auto\" srcset=\"https:\/\/contraluzarte.com\/wp-content\/uploads\/2026\/03\/MG_0071-Editar.jpg-683x1024.jpeg 683w, https:\/\/contraluzarte.com\/wp-content\/uploads\/2026\/03\/MG_0071-Editar.jpg-200x300.jpeg 200w, https:\/\/contraluzarte.com\/wp-content\/uploads\/2026\/03\/MG_0071-Editar.jpg-768x1152.jpeg 768w, https:\/\/contraluzarte.com\/wp-content\/uploads\/2026\/03\/MG_0071-Editar.jpg-1024x1536.jpeg 1024w, https:\/\/contraluzarte.com\/wp-content\/uploads\/2026\/03\/MG_0071-Editar.jpg-1365x2048.jpeg 1365w, https:\/\/contraluzarte.com\/wp-content\/uploads\/2026\/03\/MG_0071-Editar.jpg-8x12.jpeg 8w, https:\/\/contraluzarte.com\/wp-content\/uploads\/2026\/03\/MG_0071-Editar.jpg-300x450.jpeg 300w, https:\/\/contraluzarte.com\/wp-content\/uploads\/2026\/03\/MG_0071-Editar.jpg-600x900.jpeg 600w, https:\/\/contraluzarte.com\/wp-content\/uploads\/2026\/03\/MG_0071-Editar.jpg.jpeg 1600w\" sizes=\"auto, (max-width: 683px) 100vw, 683px\" \/><\/a><\/figure>\n<\/div>\n\n\n\n<div class=\"wp-block-column is-vertically-aligned-center is-layout-flow wp-block-column-is-layout-flow\">\n<h2 class=\"wp-block-heading has-text-align-left has-ast-global-color-2-color has-text-color\"><strong>Z\u00e9 Barreta<\/strong><\/h2>\n\n\n\n<p class=\"is-style-default has-large-font-size\" style=\"font-style:normal;font-weight:100;line-height:1.2\">Paulistano, \u00e9 fot\u00f3grafo independente desde 2008, seguindo a escola do fotojornalismo com atua\u00e7\u00e3o de mais de 10 anos no jornal Folha de S\u00e3o Paulo. Desenvolve projetos pessoais em temas ligados \u00e0 mem\u00f3ria, \u00e0 entropia e a quest\u00f5es sociais contempor\u00e2neas.<br><br>Participou de exposi\u00e7\u00f5es no Brasil e exterior e atualmente est\u00e1 cursando mestrado em hist\u00f3ria e semi\u00f3tica da fotografia pelo PGEHA-USP.<\/p>\n\n\n\n<p class=\"is-style-default has-large-font-size\" style=\"font-style:normal;font-weight:100;line-height:1.2\"><\/p>\n<\/div>\n<\/div>\n<\/div>\n<\/div>\n\n\n\n<figure class=\"wp-block-image alignwide size-full\" style=\"margin-top:var(--wp--preset--spacing--30);margin-bottom:var(--wp--preset--spacing--30)\"><img loading=\"lazy\" decoding=\"async\" width=\"2000\" height=\"1313\" src=\"https:\/\/contraluzarte.com\/wp-content\/uploads\/2026\/03\/Dani-Sandrini-2.jpg.jpeg\" alt=\"\" class=\"wp-image-5055\" srcset=\"https:\/\/contraluzarte.com\/wp-content\/uploads\/2026\/03\/Dani-Sandrini-2.jpg.jpeg 2000w, https:\/\/contraluzarte.com\/wp-content\/uploads\/2026\/03\/Dani-Sandrini-2.jpg-300x197.jpeg 300w, https:\/\/contraluzarte.com\/wp-content\/uploads\/2026\/03\/Dani-Sandrini-2.jpg-1024x672.jpeg 1024w, https:\/\/contraluzarte.com\/wp-content\/uploads\/2026\/03\/Dani-Sandrini-2.jpg-768x504.jpeg 768w, https:\/\/contraluzarte.com\/wp-content\/uploads\/2026\/03\/Dani-Sandrini-2.jpg-1536x1008.jpeg 1536w, https:\/\/contraluzarte.com\/wp-content\/uploads\/2026\/03\/Dani-Sandrini-2.jpg-18x12.jpeg 18w, https:\/\/contraluzarte.com\/wp-content\/uploads\/2026\/03\/Dani-Sandrini-2.jpg-600x394.jpeg 600w\" sizes=\"auto, (max-width: 2000px) 100vw, 2000px\" \/><figcaption class=\"wp-element-caption\">Dani Sandrini<\/figcaption><\/figure>\n\n\n\n<div class=\"wp-block-group alignfull is-style-default has-base-color has-text-color has-background has-link-color wp-elements-6ca5efd3f014d6006c82ae6447afc360 has-global-padding is-content-justification-center is-layout-constrained wp-container-core-group-is-layout-39e8dd3d wp-block-group-is-layout-constrained\" style=\"background-color:#a62517cf;margin-top:0;margin-bottom:0;padding-top:45px;padding-right:var(--wp--style--root--padding-right, var(--wp--custom--gap--horizontal));padding-bottom:31px;padding-left:var(--wp--style--root--padding-left, var(--wp--custom--gap--horizontal))\">\n<h2 class=\"wp-block-heading has-text-align-center has-ast-global-color-2-color has-text-color has-xx-large-font-size\" style=\"text-decoration:underline\"><strong>sobre el curso<\/strong><\/h2>\n\n\n\n<p class=\"has-text-align-left\" style=\"font-style:normal;font-weight:400\"><br>Cada encontro ser\u00e1 dividido em 2 partes. Na primeira, cerca de 40 minutos, <strong>os professores apresentam o trabalho de um ou dois fot\u00f3grafos<\/strong>, destacando escolhas, linguagem e contexto. <br><br>Na segunda parte, <strong>os participantes apresentam suas imagens ou projetos para leitura e discuss\u00e3o<\/strong>, ser\u00e3o 2 ou 3 participantes por aula, cada um dispondo de aproximadamente 30 minutos. Pretende-se que cada participante possa mostrar ao menos duas vezes seus trabalhos.<br><br>A partir das imagens apresentadas pelos participantes, os professores trazem outras refer\u00eancias de projetos para somar \u00e0 reflex\u00e3o.<\/p>\n<\/div>\n\n\n\n<figure class=\"wp-block-image alignwide size-full\" style=\"margin-top:var(--wp--preset--spacing--30);margin-bottom:var(--wp--preset--spacing--30)\"><img loading=\"lazy\" decoding=\"async\" width=\"1707\" height=\"2560\" src=\"https:\/\/contraluzarte.com\/wp-content\/uploads\/2026\/03\/ze_barretta5.jpg-scaled.jpeg\" alt=\"\" class=\"wp-image-5056\" srcset=\"https:\/\/contraluzarte.com\/wp-content\/uploads\/2026\/03\/ze_barretta5.jpg-scaled.jpeg 1707w, https:\/\/contraluzarte.com\/wp-content\/uploads\/2026\/03\/ze_barretta5.jpg-200x300.jpeg 200w, https:\/\/contraluzarte.com\/wp-content\/uploads\/2026\/03\/ze_barretta5.jpg-683x1024.jpeg 683w, https:\/\/contraluzarte.com\/wp-content\/uploads\/2026\/03\/ze_barretta5.jpg-768x1152.jpeg 768w, https:\/\/contraluzarte.com\/wp-content\/uploads\/2026\/03\/ze_barretta5.jpg-1024x1536.jpeg 1024w, https:\/\/contraluzarte.com\/wp-content\/uploads\/2026\/03\/ze_barretta5.jpg-1365x2048.jpeg 1365w, https:\/\/contraluzarte.com\/wp-content\/uploads\/2026\/03\/ze_barretta5.jpg-8x12.jpeg 8w, https:\/\/contraluzarte.com\/wp-content\/uploads\/2026\/03\/ze_barretta5.jpg-300x450.jpeg 300w, https:\/\/contraluzarte.com\/wp-content\/uploads\/2026\/03\/ze_barretta5.jpg-600x900.jpeg 600w\" sizes=\"auto, (max-width: 1707px) 100vw, 1707px\" \/><figcaption class=\"wp-element-caption\">Z\u00e9 Barretta<\/figcaption><\/figure>\n\n\n\n<div style=\"height:18px\" aria-hidden=\"true\" class=\"wp-block-spacer\"><\/div>\n\n\n\n<div class=\"wp-block-group alignfull is-style-default has-background has-global-padding is-layout-constrained wp-container-core-group-is-layout-32a46761 wp-block-group-is-layout-constrained\" style=\"background-color:#a62517cf;margin-top:0;margin-bottom:0;padding-top:var(--wp--preset--spacing--40);padding-right:var(--wp--preset--spacing--50);padding-bottom:var(--wp--preset--spacing--40);padding-left:var(--wp--preset--spacing--50)\">\n<h6 class=\"wp-block-heading alignwide has-text-align-left has-base-color has-text-color has-link-color has-large-font-size wp-elements-b146213a1b38a284fbcb15e987f6dbd9\" id=\"beneficios\" style=\"padding-right:var(--wp--preset--spacing--30);padding-left:var(--wp--preset--spacing--30);font-style:normal;font-weight:400;line-height:1.5;text-transform:none\"><strong>Um curso para todas as etapas de um projeto fotogr\u00e1fico:<\/strong><br><strong><br><\/strong>ideia<br>refer\u00eancias e estilo<br>cria\u00e7\u00e3o das fotos<br>aprofundamento do olhar<br>edi\u00e7\u00e3o<br>publica\u00e7\u00e3o<\/h6>\n<\/div>\n\n\n\n<figure class=\"wp-block-image alignwide size-full\" style=\"margin-top:var(--wp--preset--spacing--30);margin-bottom:var(--wp--preset--spacing--30)\"><img loading=\"lazy\" decoding=\"async\" width=\"1600\" height=\"1067\" src=\"https:\/\/contraluzarte.com\/wp-content\/uploads\/2026\/03\/ze_barretta1.jpg-1.jpeg\" alt=\"\" class=\"wp-image-5120\" srcset=\"https:\/\/contraluzarte.com\/wp-content\/uploads\/2026\/03\/ze_barretta1.jpg-1.jpeg 1600w, https:\/\/contraluzarte.com\/wp-content\/uploads\/2026\/03\/ze_barretta1.jpg-1-300x200.jpeg 300w, https:\/\/contraluzarte.com\/wp-content\/uploads\/2026\/03\/ze_barretta1.jpg-1-1024x683.jpeg 1024w, https:\/\/contraluzarte.com\/wp-content\/uploads\/2026\/03\/ze_barretta1.jpg-1-768x512.jpeg 768w, https:\/\/contraluzarte.com\/wp-content\/uploads\/2026\/03\/ze_barretta1.jpg-1-1536x1024.jpeg 1536w, https:\/\/contraluzarte.com\/wp-content\/uploads\/2026\/03\/ze_barretta1.jpg-1-18x12.jpeg 18w, https:\/\/contraluzarte.com\/wp-content\/uploads\/2026\/03\/ze_barretta1.jpg-1-600x400.jpeg 600w\" sizes=\"auto, (max-width: 1600px) 100vw, 1600px\" \/><figcaption class=\"wp-element-caption\">Z\u00e9 Barretta<\/figcaption><\/figure>\n\n\n\n<div class=\"wp-block-buttons alignwide is-content-justification-center is-layout-flex wp-container-core-buttons-is-layout-a89b3969 wp-block-buttons-is-layout-flex\">\n<div class=\"wp-block-button is-style-fill\"><a class=\"wp-block-button__link has-large-font-size has-custom-font-size wp-element-button\" href=\"#compra\" style=\"font-style:normal;font-weight:400\"><strong>Quiero inscribirme<\/strong><\/a><\/div>\n<\/div>\n\n\n\n<div style=\"height:36px\" aria-hidden=\"true\" class=\"wp-block-spacer\"><\/div>\n\n\n\n<div class=\"wp-block-group alignfull is-style-section-4 has-text-color has-background has-link-color wp-elements-ba902620c23b870d89d8c8837a7c4602 has-global-padding is-layout-constrained wp-block-group-is-layout-constrained is-style-section-4--2\" id=\"compra\" style=\"color:#f2ebf1;background-color:#a62517e3;margin-top:0;margin-bottom:0;padding-top:var(--wp--preset--spacing--60);padding-bottom:var(--wp--preset--spacing--60)\">\n<h2 class=\"wp-block-heading alignwide has-text-align-center has-xx-large-font-size\" id=\"compra\" style=\"padding-right:var(--wp--preset--spacing--30);padding-left:var(--wp--preset--spacing--30);text-decoration:underline;text-transform:uppercase\"><strong>INFORMACIONES<\/strong><\/h2>\n\n\n\n<div style=\"height:12px\" aria-hidden=\"true\" class=\"wp-block-spacer\"><\/div>\n\n\n\n<div class=\"wp-block-columns alignwide is-layout-flex wp-container-core-columns-is-layout-28f84493 wp-block-columns-is-layout-flex\">\n<div class=\"wp-block-column is-layout-flow wp-block-column-is-layout-flow\">\n<h2 class=\"wp-block-heading has-text-align-left\" style=\"font-style:normal;font-weight:700\"><strong>10 encontros<\/strong><\/h2>\n\n\n\n<h2 class=\"wp-block-heading has-text-align-left\" style=\"font-style:normal;font-weight:500\">22, 29\/04, 06, 13, 20, 27\/05, 03, 10, 17 e 24\/06<\/h2>\n\n\n\n<p class=\"has-large-font-size\" style=\"font-style:normal;font-weight:300\">mi\u00e9rcoles<\/p>\n\n\n\n<div style=\"height:15px\" aria-hidden=\"true\" class=\"wp-block-spacer\"><\/div>\n\n\n\n<h4 class=\"wp-block-heading has-large-font-size\" style=\"line-height:1\"><strong>19<\/strong>hs a<strong>&nbsp;21:30<\/strong>hs (hor\u00e1rio de Bras\u00edlia)<\/h4>\n\n\n\n<div style=\"height:33px\" aria-hidden=\"true\" class=\"wp-block-spacer\"><\/div>\n\n\n\n<h6 class=\"wp-block-heading\" style=\"font-style:normal;font-weight:400;line-height:1.5\"><strong>M\u00e1ximo de 12 vagas<br><br>Est\u00fadio Ceda el Paso &#8211; rua sete de abril, 125 &#8211; rep\u00fablica, s\u00e3o paulo-sp<\/strong><\/h6>\n<\/div>\n<\/div>\n\n\n\n<div class=\"wp-block-columns alignwide is-layout-flex wp-container-core-columns-is-layout-28f84493 wp-block-columns-is-layout-flex\">\n<div class=\"wp-block-column is-layout-flow wp-block-column-is-layout-flow\">\n<figure class=\"wp-block-image size-full\"><img loading=\"lazy\" decoding=\"async\" width=\"2500\" height=\"1677\" src=\"https:\/\/contraluzarte.com\/wp-content\/uploads\/2026\/03\/ze_barretta3.jpg.jpeg\" alt=\"\" class=\"wp-image-5059\" srcset=\"https:\/\/contraluzarte.com\/wp-content\/uploads\/2026\/03\/ze_barretta3.jpg.jpeg 2500w, https:\/\/contraluzarte.com\/wp-content\/uploads\/2026\/03\/ze_barretta3.jpg-300x201.jpeg 300w, https:\/\/contraluzarte.com\/wp-content\/uploads\/2026\/03\/ze_barretta3.jpg-1024x687.jpeg 1024w, https:\/\/contraluzarte.com\/wp-content\/uploads\/2026\/03\/ze_barretta3.jpg-768x515.jpeg 768w, https:\/\/contraluzarte.com\/wp-content\/uploads\/2026\/03\/ze_barretta3.jpg-1536x1030.jpeg 1536w, https:\/\/contraluzarte.com\/wp-content\/uploads\/2026\/03\/ze_barretta3.jpg-2048x1374.jpeg 2048w, https:\/\/contraluzarte.com\/wp-content\/uploads\/2026\/03\/ze_barretta3.jpg-18x12.jpeg 18w, https:\/\/contraluzarte.com\/wp-content\/uploads\/2026\/03\/ze_barretta3.jpg-600x402.jpeg 600w\" sizes=\"auto, (max-width: 2500px) 100vw, 2500px\" \/><figcaption class=\"wp-element-caption\">Z\u00e9 Barretta<\/figcaption><\/figure>\n<\/div>\n\n\n\n<div class=\"wp-block-column is-vertically-aligned-top is-layout-flow wp-block-column-is-layout-flow\">\n<h1 class=\"wp-block-heading has-text-align-center\" style=\"text-decoration:underline;text-transform:uppercase\"><strong>Oferta<\/strong><\/h1>\n\n\n\n<h2 class=\"wp-block-heading has-text-align-center has-large-font-size\" style=\"font-style:normal;font-weight:400;text-decoration:line-through\">5x <strong>350 reais<\/strong><\/h2>\n\n\n\n<p class=\"has-text-align-center has-x-large-font-size\"><br>5x <strong>299,40 reais<\/strong><\/p>\n\n\n\n<p class=\"has-text-align-center\"><em>sem juros<\/em><\/p>\n\n\n\n<div style=\"height:7px\" aria-hidden=\"true\" class=\"wp-block-spacer\"><\/div>\n\n\n\n<div class=\"wp-block-buttons has-custom-font-size has-small-font-size is-content-justification-center is-nowrap is-layout-flex wp-container-core-buttons-is-layout-35c5d4c6 wp-block-buttons-is-layout-flex\" style=\"padding-right:0;padding-left:0\">\n<div class=\"wp-block-button has-custom-width wp-block-button__width-75 is-style-outline is-style-outline--3\"><a class=\"wp-block-button__link has-contrast-color has-base-background-color has-text-color has-background has-link-color has-large-font-size has-custom-font-size wp-element-button\" href=\"https:\/\/pay.hotmart.com\/X104966236Y?off=6h626cn3\" style=\"border-width:3px;font-style:normal;font-weight:500\">Comprar<\/a><\/div>\n<\/div>\n<\/div>\n<\/div>\n\n\n\n<div style=\"height:36px\" aria-hidden=\"true\" class=\"wp-block-spacer\"><\/div>\n<\/div>\n\n\n\n<div style=\"height:22px\" aria-hidden=\"true\" class=\"wp-block-spacer\"><\/div>\n\n\n\n<h2 class=\"wp-block-heading alignwide has-text-align-center has-xx-large-font-size\" id=\"beneficios\" style=\"padding-right:var(--wp--preset--spacing--30);padding-left:var(--wp--preset--spacing--30);text-decoration:underline;text-transform:uppercase\"><strong>Beneficios<\/strong><\/h2>\n\n\n\n<div style=\"height:31px\" aria-hidden=\"true\" class=\"wp-block-spacer\"><\/div>\n\n\n\n<div class=\"wp-block-columns alignwide is-layout-flex wp-container-core-columns-is-layout-28f84493 wp-block-columns-is-layout-flex\">\n<div class=\"wp-block-column is-layout-flow wp-block-column-is-layout-flow\">\n<blockquote class=\"wp-block-quote is-layout-flow wp-block-quote-is-layout-flow\">\n<h2 class=\"wp-block-heading\"><strong>Encontros presenciais<\/strong><\/h2>\n\n\n\n<p>10 aulas de 2:30hs, <br>com total de 25 horas de aula<\/p>\n<\/blockquote>\n<\/div>\n\n\n\n<div class=\"wp-block-column is-layout-flow wp-block-column-is-layout-flow\">\n<blockquote class=\"wp-block-quote is-layout-flow wp-block-quote-is-layout-flow\">\n<h2 class=\"wp-block-heading\"><strong><strong><strong>Apresente e desenvolva seu trabalho autoral<\/strong><\/strong><\/strong><\/h2>\n\n\n\n<p>Creemos en el compartir de diferentes experiencias<\/p>\n<\/blockquote>\n<\/div>\n<\/div>\n\n\n\n<div class=\"wp-block-columns alignwide is-layout-flex wp-container-core-columns-is-layout-28f84493 wp-block-columns-is-layout-flex\">\n<div class=\"wp-block-column is-layout-flow wp-block-column-is-layout-flow\">\n<div style=\"height:2px\" aria-hidden=\"true\" class=\"wp-block-spacer\"><\/div>\n<\/div>\n<\/div>\n\n\n\n<div class=\"wp-block-columns alignwide is-layout-flex wp-container-core-columns-is-layout-28f84493 wp-block-columns-is-layout-flex\">\n<div class=\"wp-block-column is-layout-flow wp-block-column-is-layout-flow\">\n<blockquote class=\"wp-block-quote is-layout-flow wp-block-quote-is-layout-flow\">\n<h2 class=\"wp-block-heading\"><strong><strong><strong><strong><strong><strong><strong>Acceso a materiales complementarios<\/strong><\/strong><\/strong><\/strong><\/strong><\/strong><\/strong><\/h2>\n\n\n\n<p>Intercambio de informaciones y materiales de estudio<\/p>\n<\/blockquote>\n<\/div>\n\n\n\n<div class=\"wp-block-column is-layout-flow wp-block-column-is-layout-flow\">\n<blockquote class=\"wp-block-quote is-layout-flow wp-block-quote-is-layout-flow\">\n<h2 class=\"wp-block-heading\"><strong><strong><strong>Certificado<\/strong><\/strong><\/strong><\/h2>\n\n\n\n<p>Enviaremos um certificado de 25 horas de aula<\/p>\n<\/blockquote>\n<\/div>\n<\/div>\n\n\n\n<div class=\"wp-block-columns alignwide is-layout-flex wp-container-core-columns-is-layout-28f84493 wp-block-columns-is-layout-flex\">\n<div class=\"wp-block-column is-layout-flow wp-block-column-is-layout-flow\">\n<blockquote class=\"wp-block-quote is-layout-flow wp-block-quote-is-layout-flow\">\n<h2 class=\"wp-block-heading\"><strong><strong><strong><strong><strong><strong><strong>grupo de at\u00e9 12 pessoas<\/strong><\/strong><\/strong><\/strong><\/strong><\/strong><\/strong><\/h2>\n\n\n\n<p>Para cada participante poder apresentar seu trabalho com tempo<\/p>\n<\/blockquote>\n<\/div>\n\n\n\n<div class=\"wp-block-column is-layout-flow wp-block-column-is-layout-flow\"><\/div>\n<\/div>\n\n\n\n<div style=\"height:2px\" aria-hidden=\"true\" class=\"wp-block-spacer\"><\/div>\n\n\n\n<div style=\"height:26px\" aria-hidden=\"true\" class=\"wp-block-spacer\"><\/div>\n\n\n\n<div class=\"wp-block-buttons alignwide is-content-justification-center is-layout-flex wp-container-core-buttons-is-layout-a89b3969 wp-block-buttons-is-layout-flex\">\n<div class=\"wp-block-button is-style-fill\"><a class=\"wp-block-button__link has-large-font-size has-custom-font-size wp-element-button\" href=\"#compra\" style=\"font-style:normal;font-weight:400\"><strong>Quiero inscribirme<\/strong><\/a><\/div>\n<\/div>\n\n\n\n<div style=\"height:23px\" aria-hidden=\"true\" class=\"wp-block-spacer\"><\/div>\n\n\n\n<div class=\"wp-block-group alignfull is-style-default has-base-color has-text-color has-background has-link-color wp-elements-3701bbf1acbce4a600035d30455a17fc has-global-padding is-layout-constrained wp-container-core-group-is-layout-0d85de7f wp-block-group-is-layout-constrained\" style=\"background-color:#a6251787;margin-top:0;margin-bottom:0;padding-top:var(--wp--preset--spacing--60);padding-bottom:var(--wp--preset--spacing--60)\">\n<h2 class=\"wp-block-heading alignwide has-text-align-center has-xx-large-font-size\" id=\"beneficios\" style=\"padding-right:var(--wp--preset--spacing--30);padding-left:var(--wp--preset--spacing--30)\"><strong>Lo que dicen las personas<\/strong> <strong>sobre ContraLuz<\/strong><\/h2>\n\n\n\n<div class=\"wp-block-columns alignwide is-layout-flex wp-container-core-columns-is-layout-714d85e9 wp-block-columns-is-layout-flex\">\n<div class=\"wp-block-column has-border-color has-background is-layout-flow wp-block-column-is-layout-flow\" style=\"border-color:var(--wp--preset--color--accent-6);border-width:1px;border-radius:10px;background-color:#ffffff45;padding-top:var(--wp--preset--spacing--40);padding-right:var(--wp--preset--spacing--40);padding-bottom:var(--wp--preset--spacing--40);padding-left:var(--wp--preset--spacing--40)\">\n<div class=\"wp-block-group has-x-large-font-size has-global-padding is-content-justification-left is-layout-constrained wp-container-core-group-is-layout-9ce65a9a wp-block-group-is-layout-constrained\" style=\"margin-top:0;margin-bottom:0;padding-top:0;padding-right:0;padding-bottom:0;padding-left:0\">\n<h2 class=\"wp-block-heading has-large-font-size\" id=\"participar-dos-cursos-do-contraluz-ampliou-muito-minha-visao-sobre-a-historia-da-fotografia-e-da-america-latina\"><em>Participar dos cursos do <strong>ContraLuz<\/strong> ampliou muito  minha vis\u00e3o sobre a hist\u00f3ria da fotografia e da Am\u00e9rica Latina.<\/em><\/h2>\n<\/div>\n\n\n\n<p class=\"has-accent-4-color has-text-color has-link-color has-medium-font-size wp-elements-42d11f373d020b9296568f11736d54c2\">Let\u00edcia, <strong>Brasil<\/strong><br><sub>estudiante de los cursos <strong>Pensar la Fotograf\u00eda en Am\u00e9rica Latina <\/strong>y <strong>Representa\u00e7\u00f5es da Paisagem na Arte e na Fotografia<\/strong><\/sub><\/p>\n<\/div>\n\n\n\n<div class=\"wp-block-column has-border-color has-background is-layout-flow wp-block-column-is-layout-flow\" style=\"border-color:var(--wp--preset--color--accent-6);border-width:1px;border-radius:10px;background-color:#ffffff45;padding-top:var(--wp--preset--spacing--40);padding-right:var(--wp--preset--spacing--40);padding-bottom:var(--wp--preset--spacing--40);padding-left:var(--wp--preset--spacing--40)\">\n<div class=\"wp-block-group has-x-large-font-size has-global-padding is-content-justification-left is-layout-constrained wp-container-core-group-is-layout-9ce65a9a wp-block-group-is-layout-constrained\" style=\"margin-top:0;margin-bottom:0;padding-top:0;padding-right:0;padding-bottom:0;padding-left:0\">\n<h2 class=\"wp-block-heading has-large-font-size\" id=\"el-curso-me-ayudo-a-encontrar-una-mirada-mas-critica-sobre-mi-propio-trabajo-me-gusto-especialmente-como-se-cruzaron-historia-politica-y-sensibilidad-en-la-fotografia\"><em>El curso me ayud\u00f3 a encontrar una mirada m\u00e1s cr\u00edtica sobre mi propio trabajo. Me gust\u00f3 especialmente c\u00f3mo se cruzaron historia, pol\u00edtica y sensibilidad en la fotograf\u00eda.<\/em><\/h2>\n<\/div>\n\n\n\n<p class=\"has-accent-4-color has-text-color has-link-color has-medium-font-size wp-elements-34405024b90dd92b3a998bd4e4f0b37b\">Carlos, <strong>Argentina<\/strong><br><sub>estudiante del curso <strong>Pr\u00e1cticas Decoloniales en Fotograf\u00eda<\/strong><\/sub><\/p>\n<\/div>\n<\/div>\n\n\n\n<div class=\"wp-block-columns alignwide is-layout-flex wp-container-core-columns-is-layout-714d85e9 wp-block-columns-is-layout-flex\">\n<div class=\"wp-block-column has-border-color has-background is-layout-flow wp-block-column-is-layout-flow\" style=\"border-color:var(--wp--preset--color--accent-6);border-width:1px;border-radius:10px;background-color:#ffffff45;padding-top:var(--wp--preset--spacing--40);padding-right:var(--wp--preset--spacing--40);padding-bottom:var(--wp--preset--spacing--40);padding-left:var(--wp--preset--spacing--40)\">\n<div class=\"wp-block-group has-x-large-font-size has-global-padding is-content-justification-left is-layout-constrained wp-container-core-group-is-layout-9ce65a9a wp-block-group-is-layout-constrained\" style=\"margin-top:0;margin-bottom:0;padding-top:0;padding-right:0;padding-bottom:0;padding-left:0\">\n<h2 class=\"wp-block-heading has-large-font-size\" id=\"lo-que-mas-valoro-del-contraluz-es-la-seriedad-con-la-que-se-abordan-el-arte-en-el-contexto-latinoamericano-es-un-espacio-fundamental-para-quienes-investigamos-imagen-y-cultura\"><em>Lo que m\u00e1s valoro del <strong>ContraLuz<\/strong> es la seriedad con la que se abordan el arte en el contexto latinoamericano. Es un espacio fundamental para quienes investigamos imagen y cultura.<\/em><\/h2>\n<\/div>\n\n\n\n<p class=\"has-accent-4-color has-text-color has-link-color has-medium-font-size wp-elements-952413978eaefd4163615c0900b0ed25\">Mar\u00eda Jos\u00e9, <strong>Guatemala<\/strong><br><sub>estudiante del curso <strong>Pensar la Fotograf\u00eda en Am\u00e9rica Latina<\/strong><\/sub><\/p>\n<\/div>\n\n\n\n<div class=\"wp-block-column has-border-color has-background is-layout-flow wp-block-column-is-layout-flow\" style=\"border-color:var(--wp--preset--color--accent-6);border-width:1px;border-radius:10px;background-color:#ffffff45;padding-top:var(--wp--preset--spacing--40);padding-right:var(--wp--preset--spacing--40);padding-bottom:var(--wp--preset--spacing--40);padding-left:var(--wp--preset--spacing--40)\">\n<div class=\"wp-block-group has-x-large-font-size has-global-padding is-content-justification-left is-layout-constrained wp-container-core-group-is-layout-9ce65a9a wp-block-group-is-layout-constrained\" style=\"margin-top:0;margin-bottom:0;padding-top:0;padding-right:0;padding-bottom:0;padding-left:0\">\n<h2 class=\"wp-block-heading has-large-font-size\" id=\"contraluz-e-uma-comunidade-unica-para-o-pensamento-criacao-e-difusao-da-arte-e-fotografia-latino-americanas\"><em><strong>ContraLuz<\/strong> \u00e9 uma comunidade \u00fanica para o pensamento, cria\u00e7\u00e3o e difus\u00e3o da arte e fotografia latino-americanas<\/em><\/h2>\n<\/div>\n\n\n\n<p class=\"has-accent-4-color has-text-color has-link-color has-medium-font-size wp-elements-f45e4d275a258245ba2cb607bbb4ebb6\">Ant\u00f4nio, <strong>Brasil<\/strong><br><sub>estudiante del curso <strong>Pensar la Fotograf\u00eda en Am\u00e9rica Latina<\/strong><\/sub><\/p>\n<\/div>\n<\/div>\n\n\n\n<div class=\"wp-block-columns alignwide is-layout-flex wp-container-core-columns-is-layout-714d85e9 wp-block-columns-is-layout-flex\">\n<div class=\"wp-block-column has-border-color has-background is-layout-flow wp-block-column-is-layout-flow\" style=\"border-color:var(--wp--preset--color--accent-6);border-width:1px;border-radius:10px;background-color:#ffffff45;padding-top:var(--wp--preset--spacing--40);padding-right:var(--wp--preset--spacing--40);padding-bottom:var(--wp--preset--spacing--40);padding-left:var(--wp--preset--spacing--40)\">\n<div class=\"wp-block-group has-x-large-font-size has-global-padding is-content-justification-left is-layout-constrained wp-container-core-group-is-layout-9ce65a9a wp-block-group-is-layout-constrained\" style=\"margin-top:0;margin-bottom:0;padding-top:0;padding-right:0;padding-bottom:0;padding-left:0\">\n<h2 class=\"wp-block-heading has-large-font-size\" id=\"contraluz-no-solo-ofrece-formacion-sino-tambien-comunidad-senti-que-mis-inquietudes-encontraban-eco-en-un-espacio-latinoamericano-comprometido-con-la-imagen-y-la-reflexion-critica\"><em><strong>ContraLuz<\/strong> no s\u00f3lo ofrece formaci\u00f3n, sino tambi\u00e9n comunidad. Sent\u00ed que mis inquietudes encontraban eco en un espacio latinoamericano comprometido con la imagen y la reflexi\u00f3n cr\u00edtica.<\/em><\/h2>\n<\/div>\n\n\n\n<p class=\"has-accent-4-color has-text-color has-link-color has-medium-font-size wp-elements-929e1782ad6146d9fddcebf5e903c1c7\">Andr\u00e9s, <strong>M\u00e9xico<\/strong><br><sub>estudiante de los cursos <strong>Pensar la Fotograf\u00eda en Am\u00e9rica Latina <\/strong>y <strong>Representa\u00e7\u00f5es da Paisagem na Arte e na Fotografia<\/strong><\/sub><\/p>\n<\/div>\n\n\n\n<div class=\"wp-block-column has-border-color has-background is-layout-flow wp-block-column-is-layout-flow\" style=\"border-color:var(--wp--preset--color--accent-6);border-width:1px;border-radius:10px;background-color:#ffffff45;padding-top:var(--wp--preset--spacing--40);padding-right:var(--wp--preset--spacing--40);padding-bottom:var(--wp--preset--spacing--40);padding-left:var(--wp--preset--spacing--40)\">\n<div class=\"wp-block-group has-x-large-font-size has-global-padding is-content-justification-left is-layout-constrained wp-container-core-group-is-layout-9ce65a9a wp-block-group-is-layout-constrained\" style=\"margin-top:0;margin-bottom:0;padding-top:0;padding-right:0;padding-bottom:0;padding-left:0\">\n<h2 class=\"wp-block-heading has-large-font-size\" id=\"os-cursos-do-contraluz-me-fizeram-pensar-muito-alem-da-tecnica-me-fizeram-refletir-na-fotografia-como-politica-memoria-e-afeto-me-fez-repensar-tudo-que-eu-produzia-e-por-que\"><em>Os cursos do <strong>ContraLuz<\/strong> me fizeram pensar muito al\u00e9m da t\u00e9cnica \u2014 me fizeram refletir na fotografia como pol\u00edtica, mem\u00f3ria e afeto. Me fez repensar tudo que eu produzia e por qu\u00ea.<\/em><\/h2>\n<\/div>\n\n\n\n<p class=\"has-accent-4-color has-text-color has-link-color has-medium-font-size wp-elements-d1d22650a2db210788f5e3e1f5c2cf1a\">F\u00e1tima, <strong>Brasil<\/strong><br><sub>estudiante de los cursos <strong>Historia de la Fotograf\u00eda en Am\u00e9rica Latina<\/strong> y <strong>Pensar la Fotograf\u00eda en Am\u00e9rica Latina<\/strong><\/sub><\/p>\n<\/div>\n<\/div>\n\n\n\n<div class=\"wp-block-buttons alignwide is-content-justification-center is-layout-flex wp-container-core-buttons-is-layout-a89b3969 wp-block-buttons-is-layout-flex\">\n<div class=\"wp-block-button has-custom-width wp-block-button__width-50\"><a class=\"wp-block-button__link has-background has-text-align-center has-custom-font-size wp-element-button\" href=\"#compra\" style=\"background-color:#a11600c4;font-size:clamp(0.875rem, 0.875rem + ((1vw - 0.2rem) * 0.667), 1.3rem);font-style:normal;font-weight:700\">Participar del curso<\/a><\/div>\n<\/div>\n<\/div>\n\n\n\n<div style=\"height:23px\" aria-hidden=\"true\" class=\"wp-block-spacer\"><\/div>\n\n\n\n<hr class=\"wp-block-separator has-text-color has-cyan-bluish-gray-color has-alpha-channel-opacity has-cyan-bluish-gray-background-color has-background is-style-wide is-style-wide--4\"\/>\n\n\n\n<div style=\"height:23px\" aria-hidden=\"true\" class=\"wp-block-spacer\"><\/div>\n\n\n\n<h2 class=\"wp-block-heading has-text-align-center has-xx-large-font-size\"><strong>\u00bfAlguna duda?<\/strong><\/h2>\n\n\n\n<div class=\"wp-block-columns is-layout-flex wp-container-core-columns-is-layout-28f84493 wp-block-columns-is-layout-flex\">\n<div class=\"wp-block-column is-layout-flow wp-block-column-is-layout-flow\">\n<div style=\"text-align: center; margin: 40px 0;\">\n  <a href=\"https:\/\/wa.me\/573224624061\" target=\"_blank\" style=\"background-color: black; color: white; padding: 14px 28px; border-radius: 5px; text-decoration: none; font-size: 16px; font-weight: bold;\">\n    \ud83d\udcac Escr\u00edbenos por WhatsApp\n  <\/a>\n<\/div>\n<\/div>\n\n\n\n<div class=\"wp-block-column is-layout-flow wp-block-column-is-layout-flow\">\n<div style=\"text-align: center; margin: 40px 0;\">\n  <a href=\"mailto:contraluz.contraluz@gmail.com\" style=\"background-color: black; color: white; padding: 14px 28px; border-radius: 5px; text-decoration: none; font-size: 16px; font-weight: bold;\">\n    \u2709\ufe0f Cont\u00e1ctanos por correo electr\u00f3nico\n  <\/a>\n<\/div>\n<\/div>\n<\/div>\n\n\n\n\n\n<div class=\"wp-block-cover alignfull wp-duotone-000097-832323-6\" style=\"margin-top:0;padding-top:4vw;padding-right:4vw;padding-bottom:4vw;padding-left:4vw;min-height:50vh;aspect-ratio:unset;\"><img decoding=\"async\" class=\"wp-block-cover__image-background wp-image-334\" alt=\"\" src=\"https:\/\/pd.w.org\/2022\/01\/2661f82cd1ba9172.16386413.jpg\" data-object-fit=\"cover\"\/><span aria-hidden=\"true\" class=\"wp-block-cover__background has-background-dim-100 has-background-dim\" style=\"background-color:#2c3066\"><\/span><div class=\"wp-block-cover__inner-container is-layout-flow wp-block-cover-is-layout-flow\">\n<div class=\"wp-block-group is-layout-flow wp-container-core-group-is-layout-d6743c7d wp-block-group-is-layout-flow\">\n<p class=\"has-text-align-left has-text-color\" style=\"color:#ffb23d;font-size:clamp(36.518px, 2.282rem + ((1vw - 3.2px) * 2.988), 67px);font-style:normal;font-weight:700;letter-spacing:-2px;line-height:1.1;text-transform:uppercase\">\u00bfQUIERES PARTICIPAR <\/p>\n\n\n\n<p class=\"has-text-align-left has-text-color\" style=\"color:#ffb23d;font-size:clamp(36.518px, 2.282rem + ((1vw - 3.2px) * 2.988), 67px);font-style:normal;font-weight:700;letter-spacing:-2px;line-height:1.1;text-transform:uppercase\">DEL GRUPO DE WHATSAPP DE CONTRALUZ?<\/p>\n\n\n\n<h2 class=\"wp-block-heading has-luminous-vivid-amber-color has-text-color has-link-color wp-elements-a9afdcc76cb5691769a97acf632fd82f\" id=\"queremos-criar-uma-rede-de-fotografia-latino-americana\">Queremos crear una red de fotograf\u00eda latinoamericana<\/h2>\n\n\n\n<div style=\"height:41px\" aria-hidden=\"true\" class=\"wp-block-spacer\"><\/div>\n\n\n\n<div class=\"wp-block-buttons is-layout-flex wp-block-buttons-is-layout-flex\">\n<div class=\"wp-block-button is-style-outline is-style-outline--5\"><a class=\"wp-block-button__link has-text-color has-background has-link-color has-large-font-size has-custom-font-size wp-element-button\" href=\"https:\/\/chat.whatsapp.com\/JQ0h1YPgiktEzN5OhsVv0t\" style=\"color:#ffb23d;background-color:#2c3066\">Participe del grupo<\/a><\/div>\n<\/div>\n<\/div>\n<\/div><\/div>\n\n\n\n<p><\/p>","protected":false},"excerpt":{"rendered":"<p>conte\u00fado Refine o seu olhar com os coment\u00e1rios de outros fot\u00f3grafos Conhe\u00e7a importantes referentes da fotografia Aprenda a desenvolver um projeto fotogr\u00e1fico coerente e instigante Crie um portf\u00f3lio com suas melhores imagens Participe de um grupo ativo de fotografia Entenda as t\u00e9cnicas e estrat\u00e9gias para o desenvolvimento de um ensaio fotogr\u00e1fico Publique seu ensaio no [&hellip;]<\/p>\n","protected":false},"author":1,"featured_media":0,"parent":0,"menu_order":0,"comment_status":"closed","ping_status":"closed","template":"","meta":{"_exactmetrics_skip_tracking":false,"_exactmetrics_sitenote_active":false,"_exactmetrics_sitenote_note":"","_exactmetrics_sitenote_category":0,"footnotes":""},"class_list":["post-5049","page","type-page","status-publish","hentry"],"_links":{"self":[{"href":"https:\/\/contraluzarte.com\/esp\/wp-json\/wp\/v2\/pages\/5049","targetHints":{"allow":["GET"]}}],"collection":[{"href":"https:\/\/contraluzarte.com\/esp\/wp-json\/wp\/v2\/pages"}],"about":[{"href":"https:\/\/contraluzarte.com\/esp\/wp-json\/wp\/v2\/types\/page"}],"author":[{"embeddable":true,"href":"https:\/\/contraluzarte.com\/esp\/wp-json\/wp\/v2\/users\/1"}],"replies":[{"embeddable":true,"href":"https:\/\/contraluzarte.com\/esp\/wp-json\/wp\/v2\/comments?post=5049"}],"version-history":[{"count":52,"href":"https:\/\/contraluzarte.com\/esp\/wp-json\/wp\/v2\/pages\/5049\/revisions"}],"predecessor-version":[{"id":5182,"href":"https:\/\/contraluzarte.com\/esp\/wp-json\/wp\/v2\/pages\/5049\/revisions\/5182"}],"wp:attachment":[{"href":"https:\/\/contraluzarte.com\/esp\/wp-json\/wp\/v2\/media?parent=5049"}],"curies":[{"name":"wp","href":"https:\/\/api.w.org\/{rel}","templated":true}]}}